{"id":2753,"date":"2022-02-12T18:22:30","date_gmt":"2022-02-12T17:22:30","guid":{"rendered":"https:\/\/central-seefeld.com\/hotel-central-a-seefeld-in-tirol\/"},"modified":"2023-06-01T12:19:00","modified_gmt":"2023-06-01T10:19:00","slug":"hotel-central-a-seefeld-in-tirol","status":"publish","type":"page","link":"https:\/\/central-seefeld.at\/it\/","title":{"rendered":"Hotel Central a Seefeld"},"content":{"rendered":"\t\t<div data-elementor-type=\"wp-page\" data-elementor-id=\"2753\" class=\"elementor elementor-2753 elementor-12\" data-elementor-post-type=\"page\">\n\t\t\t\t\t\t<section class=\"elementor-section elementor-top-section elementor-element elementor-element-79cd35f elementor-section-full_width elementor-section-height-default elementor-section-height-default\" data-id=\"79cd35f\" data-element_type=\"section\" data-e-type=\"section\" data-settings=\"{&quot;background_background&quot;:&quot;classic&quot;,&quot;animation&quot;:&quot;none&quot;,&quot;animation_mobile&quot;:&quot;none&quot;}\">\n\t\t\t\t\t\t<div class=\"elementor-container elementor-column-gap-default\">\n\t\t\t\t\t<div class=\"elementor-column elementor-col-100 elementor-top-column elementor-element elementor-element-6fa7fe4\" data-id=\"6fa7fe4\" data-element_type=\"column\" data-e-type=\"column\">\n\t\t\t<div class=\"elementor-widget-wrap elementor-element-populated\">\n\t\t\t\t\t\t<div class=\"elementor-element elementor-element-da14ab2 elementor-widget elementor-widget-slider_revolution\" data-id=\"da14ab2\" data-element_type=\"widget\" data-e-type=\"widget\" data-widget_type=\"slider_revolution.default\">\n\t\t\t\t<div class=\"elementor-widget-container\">\n\t\t\t\t\t\n\t\t<div class=\"wp-block-themepunch-revslider\">\n\t\t\t<!-- START Slider 1 REVOLUTION SLIDER 6.5.15 --><p class=\"rs-p-wp-fix\"><\/p>\n\t\t\t<rs-module-wrap id=\"rev_slider_1_1_wrapper\" data-source=\"gallery\" style=\"visibility:hidden;background:transparent;padding:0;\">\n\t\t\t\t<rs-module id=\"rev_slider_1_1\" style=\"\" data-version=\"6.5.15\">\n\t\t\t\t\t<rs-slides>\n\t\t\t\t\t\t<rs-slide style=\"position: absolute;\" data-key=\"rs-6\" data-title=\"Slide\" data-thumb=\"\/\/central-seefeld.com\/wp-content\/uploads\/hotel-central-abendaufnahmen-maerz-2022-\u00a9DavidJohansson-5694-web.jpeg\" data-in=\"o:0;\" data-out=\"a:false;\">\n\t\t\t\t\t\t\t<img fetchpriority=\"high\" decoding=\"async\" src=\"\/\/central-seefeld.at\/wp-content\/plugins\/revslider\/public\/assets\/assets\/dummy.png\" alt=\"\" title=\"hotel-central-abendaufnahmen-maerz-2022-\u00a9DavidJohansson-5694-web\" width=\"1500\" height=\"1000\" class=\"rev-slidebg tp-rs-img rs-lazyload\" data-lazyload=\"\/\/central-seefeld.com\/wp-content\/uploads\/hotel-central-abendaufnahmen-maerz-2022-\u00a9DavidJohansson-5694-web.jpeg\" data-no-retina>\n<!--\n\t\t\t\t\t\t\t--><a\n\t\t\t\t\t\t\t\tid=\"slider-1-slide-6-layer-0\" \n\t\t\t\t\t\t\t\tclass=\"rs-layer rs-selectable\"\n\t\t\t\t\t\t\t\thref=\"https:\/\/central-seefeld.at\/it\/ordina-coupon\/\" target=\"_self\"\n\t\t\t\t\t\t\t\tdata-type=\"text\"\n\t\t\t\t\t\t\t\tdata-rsp_ch=\"on\"\n\t\t\t\t\t\t\t\tdata-xy=\"xo:996px,801px,569px,289px;yo:631px,586px,133px,574px;\"\n\t\t\t\t\t\t\t\tdata-text=\"w:normal;s:21,17,21,19;l:27,22,27,25;ls:0,0,0px,0px;fw:700;a:center;\"\n\t\t\t\t\t\t\t\tdata-frame_1=\"st:700;sp:1500;sR:700;\"\n\t\t\t\t\t\t\t\tdata-frame_999=\"o:0;st:w;sR:7600;\"\n\t\t\t\t\t\t\t\tstyle=\"z-index:10;font-family:'Open Sans';text-transform:uppercase;\"\n\t\t\t\t\t\t\t>Offerte<br>speciali \n\t\t\t\t\t\t\t<\/a><!--\n\n\t\t\t\t\t\t\t--><a\n\t\t\t\t\t\t\t\tid=\"slider-1-slide-6-layer-1\" \n\t\t\t\t\t\t\t\tclass=\"rs-layer rs-selectable\"\n\t\t\t\t\t\t\t\thref=\"https:\/\/central-seefeld.com\/it\/ordina-coupon\/\" target=\"_self\"\n\t\t\t\t\t\t\t\tdata-type=\"shape\"\n\t\t\t\t\t\t\t\tdata-rsp_ch=\"on\"\n\t\t\t\t\t\t\t\tdata-xy=\"xo:943px,773px,543px,270px;yo:570px,533px,73px,524px;\"\n\t\t\t\t\t\t\t\tdata-text=\"w:normal;s:20,16,12,7;l:0,20,15,9;\"\n\t\t\t\t\t\t\t\tdata-dim=\"w:201,165,191,169.48598130841123px;h:185,152,175,155px;\"\n\t\t\t\t\t\t\t\tdata-border=\"bor:70%,60%,80%,60%;\"\n\t\t\t\t\t\t\t\tdata-frame_1=\"st:700;sp:1500;sR:700;\"\n\t\t\t\t\t\t\t\tdata-frame_999=\"o:0;st:w;sR:7600;\"\n\t\t\t\t\t\t\t\tstyle=\"z-index:9;background-color:#BF1822;\"\n\t\t\t\t\t\t\t> \n\t\t\t\t\t\t\t<\/a><!--\n\n\t\t\t\t\t\t\t--><rs-layer\n\t\t\t\t\t\t\t\tid=\"slider-1-slide-6-layer-4\" \n\t\t\t\t\t\t\t\tclass=\"rs-selectable\"\n\t\t\t\t\t\t\t\tdata-type=\"shape\"\n\t\t\t\t\t\t\t\tdata-rsp_ch=\"on\"\n\t\t\t\t\t\t\t\tdata-xy=\"x:c;y:b;\"\n\t\t\t\t\t\t\t\tdata-text=\"w:normal;s:20,16,12,7;l:0,20,15,9;\"\n\t\t\t\t\t\t\t\tdata-dim=\"w:100%;h:60%,60%,60%,70%;\"\n\t\t\t\t\t\t\t\tdata-basealign=\"slide\"\n\t\t\t\t\t\t\t\tdata-frame_999=\"o:0;st:w;\"\n\t\t\t\t\t\t\t\tstyle=\"z-index:8;background:linear-gradient(rgba(247,247,247,0) 0%, rgba(12,12,12,0.7) 100%);\"\n\t\t\t\t\t\t\t> \n\t\t\t\t\t\t\t<\/rs-layer><!--\n\n\t\t\t\t\t\t\t--><rs-layer\n\t\t\t\t\t\t\t\tid=\"slider-1-slide-6-layer-5\" \n\t\t\t\t\t\t\t\tclass=\"rs-selectable\"\n\t\t\t\t\t\t\t\tdata-type=\"text\"\n\t\t\t\t\t\t\t\tdata-color=\"#fff\"\n\t\t\t\t\t\t\t\tdata-tsh=\"c:rgba(0,0,0,0.75);h:3px,2px,3px,3px;v:3px,2px,3px,3px;b:10px,8px,6px,6px;\"\n\t\t\t\t\t\t\t\tdata-rsp_ch=\"on\"\n\t\t\t\t\t\t\t\tdata-xy=\"x:c;y:m;\"\n\t\t\t\t\t\t\t\tdata-text=\"w:normal;s:82,82,72,49;l:86,92,82,61;ls:-1,0,0,0;fw:400,500,500,500;a:center;\"\n\t\t\t\t\t\t\t\tdata-dim=\"w:auto,auto,auto,490px;minh:0,none,none,none;\"\n\t\t\t\t\t\t\t\tdata-frame_999=\"o:0;st:w;\"\n\t\t\t\t\t\t\t\tstyle=\"z-index:11;font-family:'Bon Vivant Serif';\"\n\t\t\t\t\t\t\t>Il tuo hotel a<br \/>\n4 stelle nel centro <br \/>\ndi Seefeld in Tirol \n\t\t\t\t\t\t\t<\/rs-layer><!--\n-->\t\t\t\t\t\t<\/rs-slide>\n\t\t\t\t\t\t<rs-slide style=\"position: absolute;\" data-key=\"rs-7\" data-title=\"Slide\" data-thumb=\"\/\/central-seefeld.com\/wp-content\/uploads\/hotel-central-abendaufnahmen-maerz-2022-\u00a9DavidJohansson-5680-web.jpeg\" data-link=\"\/\/central-seefeld.at\/it\/culinario\/\" data-tag=\"l\" data-target=\"_self\" data-seoz=\"front\" data-in=\"o:0;\" data-out=\"a:false;\">\n\t\t\t\t\t\t\t<img decoding=\"async\" src=\"\/\/central-seefeld.at\/wp-content\/plugins\/revslider\/public\/assets\/assets\/dummy.png\" alt=\"\" title=\"hotel-central-abendaufnahmen-maerz-2022-\u00a9DavidJohansson-5680-web\" width=\"1500\" height=\"1000\" class=\"rev-slidebg tp-rs-img rs-lazyload\" data-lazyload=\"\/\/central-seefeld.com\/wp-content\/uploads\/hotel-central-abendaufnahmen-maerz-2022-\u00a9DavidJohansson-5680-web.jpeg\" data-no-retina>\n<!--\n\t\t\t\t\t\t\t--><rs-layer\n\t\t\t\t\t\t\t\tid=\"slider-1-slide-7-layer-4\" \n\t\t\t\t\t\t\t\tclass=\"rs-selectable\"\n\t\t\t\t\t\t\t\tdata-type=\"shape\"\n\t\t\t\t\t\t\t\tdata-rsp_ch=\"on\"\n\t\t\t\t\t\t\t\tdata-xy=\"x:c;y:b;\"\n\t\t\t\t\t\t\t\tdata-text=\"w:normal;s:20,16,12,7;l:0,20,15,9;\"\n\t\t\t\t\t\t\t\tdata-dim=\"w:100%;h:60%,60%,60%,522px;\"\n\t\t\t\t\t\t\t\tdata-basealign=\"slide\"\n\t\t\t\t\t\t\t\tdata-frame_999=\"o:0;st:w;\"\n\t\t\t\t\t\t\t\tstyle=\"z-index:8;background:linear-gradient(rgba(247,247,247,0) 0%, rgba(12,12,12,0.7) 100%);\"\n\t\t\t\t\t\t\t> \n\t\t\t\t\t\t\t<\/rs-layer><!--\n\n\t\t\t\t\t\t\t--><rs-layer\n\t\t\t\t\t\t\t\tid=\"slider-1-slide-7-layer-5\" \n\t\t\t\t\t\t\t\tclass=\"rs-selectable\"\n\t\t\t\t\t\t\t\tdata-type=\"text\"\n\t\t\t\t\t\t\t\tdata-color=\"#fff\"\n\t\t\t\t\t\t\t\tdata-tsh=\"c:rgba(0,0,0,0.75);h:3px,2px,3px,3px;v:3px,2px,3px,3px;b:10px,8px,6px,6px;\"\n\t\t\t\t\t\t\t\tdata-rsp_ch=\"on\"\n\t\t\t\t\t\t\t\tdata-xy=\"x:c;xo:0,0,0,-1px;y:m;\"\n\t\t\t\t\t\t\t\tdata-text=\"w:normal;s:82,82,82,56;l:90,90,90,63;ls:-1,0,0,0;fw:400,400,500,500;a:center;\"\n\t\t\t\t\t\t\t\tdata-dim=\"w:auto,auto,auto,338px;minh:0,none,none,none;\"\n\t\t\t\t\t\t\t\tdata-frame_1=\"sR:410;\"\n\t\t\t\t\t\t\t\tdata-frame_999=\"o:0;st:w;\"\n\t\t\t\t\t\t\t\tstyle=\"z-index:11;font-family:'Bon Vivant Serif';\"\n\t\t\t\t\t\t\t>Relax e <br>il camino acceso \n\t\t\t\t\t\t\t<\/rs-layer><!--\n-->\t\t\t\t\t\t<\/rs-slide>\n\t\t\t\t\t\t<rs-slide style=\"position: absolute;\" data-key=\"rs-8\" data-title=\"Slide\" data-thumb=\"\/\/central-seefeld.com\/wp-content\/uploads\/hotel-central-doppelzimmer-1-1.jpeg\" data-link=\"\/\/central-seefeld.com\/hotel-seefeld-tirol\/zimmer-appartements\/\" data-tag=\"l\" data-target=\"_self\" data-seoz=\"front\" data-in=\"o:0;\" data-out=\"a:false;\">\n\t\t\t\t\t\t\t<img decoding=\"async\" src=\"\/\/central-seefeld.at\/wp-content\/plugins\/revslider\/public\/assets\/assets\/dummy.png\" alt=\"\" title=\"hotel-central-doppelzimmer-1\" width=\"1920\" height=\"1281\" class=\"rev-slidebg tp-rs-img rs-lazyload\" data-lazyload=\"\/\/central-seefeld.com\/wp-content\/uploads\/hotel-central-doppelzimmer-1-1.jpeg\" data-no-retina>\n<!--\n\t\t\t\t\t\t\t--><a\n\t\t\t\t\t\t\t\tid=\"slider-1-slide-8-layer-0\" \n\t\t\t\t\t\t\t\tclass=\"rs-layer rs-selectable\"\n\t\t\t\t\t\t\t\thref=\"https:\/\/central-seefeld.com\/it\/hotel-central-a-seefeld-in-tirol\/camere-e-appartamenti\/\" target=\"_blank\" rel=\"noopener\"\n\t\t\t\t\t\t\t\tdata-type=\"text\"\n\t\t\t\t\t\t\t\tdata-rsp_ch=\"on\"\n\t\t\t\t\t\t\t\tdata-xy=\"xo:1007px,827px,581px,316px;yo:572px,515px,658px,504px;\"\n\t\t\t\t\t\t\t\tdata-text=\"w:normal;s:26,21,24,24;l:32,26,31,32;fw:700;a:center;\"\n\t\t\t\t\t\t\t\tdata-frame_1=\"y:1px,-1px,0px,0px;st:700;sp:1500;sR:700;\"\n\t\t\t\t\t\t\t\tdata-frame_999=\"o:0;st:w;sR:7600;\"\n\t\t\t\t\t\t\t\tstyle=\"z-index:10;font-family:'Open Sans';text-transform:uppercase;\"\n\t\t\t\t\t\t\t>Scopri<br>ora \n\t\t\t\t\t\t\t<\/a><!--\n\n\t\t\t\t\t\t\t--><a\n\t\t\t\t\t\t\t\tid=\"slider-1-slide-8-layer-1\" \n\t\t\t\t\t\t\t\tclass=\"rs-layer rs-selectable\"\n\t\t\t\t\t\t\t\thref=\"https:\/\/central-seefeld.com\/it\/hotel-central-a-seefeld-in-tirol\/camere-e-appartamenti\/\" target=\"_self\"\n\t\t\t\t\t\t\t\tdata-type=\"shape\"\n\t\t\t\t\t\t\t\tdata-rsp_ch=\"on\"\n\t\t\t\t\t\t\t\tdata-xy=\"xo:967px,794px,543px,277px;yo:523px,473px,613px,461px;\"\n\t\t\t\t\t\t\t\tdata-text=\"w:normal;s:20,16,12,7;l:0,20,15,9;\"\n\t\t\t\t\t\t\t\tdata-dim=\"w:185,152,170px,169.48598130841123px;h:170,140,155.75916230366494px,155px;\"\n\t\t\t\t\t\t\t\tdata-border=\"bor:70%,60%,80%,60%;\"\n\t\t\t\t\t\t\t\tdata-frame_1=\"st:700;sp:1500;sR:700;\"\n\t\t\t\t\t\t\t\tdata-frame_999=\"o:0;st:w;sR:7600;\"\n\t\t\t\t\t\t\t\tstyle=\"z-index:9;background-color:#BF1822;\"\n\t\t\t\t\t\t\t> \n\t\t\t\t\t\t\t<\/a><!--\n\n\t\t\t\t\t\t\t--><rs-layer\n\t\t\t\t\t\t\t\tid=\"slider-1-slide-8-layer-4\" \n\t\t\t\t\t\t\t\tclass=\"rs-selectable\"\n\t\t\t\t\t\t\t\tdata-type=\"shape\"\n\t\t\t\t\t\t\t\tdata-rsp_ch=\"on\"\n\t\t\t\t\t\t\t\tdata-xy=\"x:c;y:b;\"\n\t\t\t\t\t\t\t\tdata-text=\"w:normal;s:20,16,12,7;l:0,20,15,9;\"\n\t\t\t\t\t\t\t\tdata-dim=\"w:100%;h:60%,60%,559px,504px;\"\n\t\t\t\t\t\t\t\tdata-basealign=\"slide\"\n\t\t\t\t\t\t\t\tdata-frame_999=\"o:0;st:w;\"\n\t\t\t\t\t\t\t\tstyle=\"z-index:8;background:linear-gradient(rgba(247,247,247,0) 0%, rgba(12,12,12,0.7) 100%);\"\n\t\t\t\t\t\t\t> \n\t\t\t\t\t\t\t<\/rs-layer><!--\n\n\t\t\t\t\t\t\t--><rs-layer\n\t\t\t\t\t\t\t\tid=\"slider-1-slide-8-layer-5\" \n\t\t\t\t\t\t\t\tclass=\"rs-selectable\"\n\t\t\t\t\t\t\t\tdata-type=\"text\"\n\t\t\t\t\t\t\t\tdata-color=\"#fff\"\n\t\t\t\t\t\t\t\tdata-tsh=\"c:rgba(0,0,0,0.75);h:3px,2px,3px,3px;v:3px,2px,3px,3px;b:10px,8px,6px,6px;\"\n\t\t\t\t\t\t\t\tdata-rsp_ch=\"on\"\n\t\t\t\t\t\t\t\tdata-xy=\"x:c;y:m;\"\n\t\t\t\t\t\t\t\tdata-text=\"w:normal;s:82,82,72,47;l:90,90,82,58;ls:-1,0,0,0;fw:400,500,500,500;a:center;\"\n\t\t\t\t\t\t\t\tdata-dim=\"w:auto,auto,auto,395px;minh:0,none,none,none;\"\n\t\t\t\t\t\t\t\tdata-frame_1=\"sR:410;\"\n\t\t\t\t\t\t\t\tdata-frame_999=\"o:0;st:w;\"\n\t\t\t\t\t\t\t\tstyle=\"z-index:11;font-family:'Bon Vivant Serif';\"\n\t\t\t\t\t\t\t>Camere doppie &<br>appartamenti \n\t\t\t\t\t\t\t<\/rs-layer><!--\n-->\t\t\t\t\t\t<\/rs-slide>\n\t\t\t\t\t\t<rs-slide style=\"position: absolute;\" data-key=\"rs-9\" data-title=\"Slide\" data-thumb=\"\/\/central-seefeld.com\/wp-content\/uploads\/hotel-central-seefeld-maerz-2022-\u00a9DavidJohansson-9846-web.jpeg\" data-link=\"\/\/central-seefeld.com\/hotel-seefeld-tirol\/zimmer-appartements\/\" data-tag=\"l\" data-target=\"_self\" data-seoz=\"front\" data-in=\"o:0;\" data-out=\"a:false;\">\n\t\t\t\t\t\t\t<img loading=\"lazy\" decoding=\"async\" src=\"\/\/central-seefeld.at\/wp-content\/plugins\/revslider\/public\/assets\/assets\/dummy.png\" alt=\"\" title=\"hotel-central-seefeld-maerz-2022-\u00a9DavidJohansson-9846-web\" width=\"1500\" height=\"1000\" class=\"rev-slidebg tp-rs-img rs-lazyload\" data-lazyload=\"\/\/central-seefeld.com\/wp-content\/uploads\/hotel-central-seefeld-maerz-2022-\u00a9DavidJohansson-9846-web.jpeg\" data-no-retina>\n<!--\n\t\t\t\t\t\t\t--><a\n\t\t\t\t\t\t\t\tid=\"slider-1-slide-9-layer-0\" \n\t\t\t\t\t\t\t\tclass=\"rs-layer rs-selectable\"\n\t\t\t\t\t\t\t\thref=\"https:\/\/central-seefeld.com\/it\/culinario\/\" target=\"_self\"\n\t\t\t\t\t\t\t\tdata-type=\"text\"\n\t\t\t\t\t\t\t\tdata-rsp_ch=\"on\"\n\t\t\t\t\t\t\t\tdata-xy=\"xo:1009px,831px,580px,326px;yo:572px,514px,655px,522px;\"\n\t\t\t\t\t\t\t\tdata-text=\"w:normal;s:26,21,24,22;l:32,26,31,29;fw:700;a:center;\"\n\t\t\t\t\t\t\t\tdata-frame_1=\"y:1px,-1px,0px,0px;st:700;sp:1500;sR:700;\"\n\t\t\t\t\t\t\t\tdata-frame_999=\"o:0;st:w;sR:7600;\"\n\t\t\t\t\t\t\t\tstyle=\"z-index:10;font-family:'Open Sans';text-transform:uppercase;\"\n\t\t\t\t\t\t\t>Scopri<br>di pi\u00fa \n\t\t\t\t\t\t\t<\/a><!--\n\n\t\t\t\t\t\t\t--><a\n\t\t\t\t\t\t\t\tid=\"slider-1-slide-9-layer-1\" \n\t\t\t\t\t\t\t\tclass=\"rs-layer rs-selectable\"\n\t\t\t\t\t\t\t\thref=\"https:\/\/central-seefeld.com\/it\/culinario\/\" target=\"_blank\" rel=\"noopener\"\n\t\t\t\t\t\t\t\tdata-type=\"shape\"\n\t\t\t\t\t\t\t\tdata-rsp_ch=\"on\"\n\t\t\t\t\t\t\t\tdata-xy=\"xo:967px,794px,543px,285px;yo:523px,473px,613px,474px;\"\n\t\t\t\t\t\t\t\tdata-text=\"w:normal;s:20,16,12,7;l:0,20,15,9;\"\n\t\t\t\t\t\t\t\tdata-dim=\"w:185,152,170px,169.48598130841123px;h:170,140,155.75916230366494px,155px;\"\n\t\t\t\t\t\t\t\tdata-border=\"bor:70%,60%,80%,60%;\"\n\t\t\t\t\t\t\t\tdata-frame_1=\"st:700;sp:1500;sR:700;\"\n\t\t\t\t\t\t\t\tdata-frame_999=\"o:0;st:w;sR:7600;\"\n\t\t\t\t\t\t\t\tstyle=\"z-index:9;background-color:#BF1822;\"\n\t\t\t\t\t\t\t> \n\t\t\t\t\t\t\t<\/a><!--\n\n\t\t\t\t\t\t\t--><rs-layer\n\t\t\t\t\t\t\t\tid=\"slider-1-slide-9-layer-4\" \n\t\t\t\t\t\t\t\tclass=\"rs-selectable\"\n\t\t\t\t\t\t\t\tdata-type=\"shape\"\n\t\t\t\t\t\t\t\tdata-rsp_ch=\"on\"\n\t\t\t\t\t\t\t\tdata-xy=\"x:c;y:b;\"\n\t\t\t\t\t\t\t\tdata-text=\"w:normal;s:20,16,12,7;l:0,20,15,9;\"\n\t\t\t\t\t\t\t\tdata-dim=\"w:100%;h:60%;\"\n\t\t\t\t\t\t\t\tdata-basealign=\"slide\"\n\t\t\t\t\t\t\t\tdata-frame_999=\"o:0;st:w;\"\n\t\t\t\t\t\t\t\tstyle=\"z-index:8;background:linear-gradient(rgba(247,247,247,0) 0%, rgba(12,12,12,0.7) 100%);\"\n\t\t\t\t\t\t\t> \n\t\t\t\t\t\t\t<\/rs-layer><!--\n\n\t\t\t\t\t\t\t--><rs-layer\n\t\t\t\t\t\t\t\tid=\"slider-1-slide-9-layer-5\" \n\t\t\t\t\t\t\t\tclass=\"rs-selectable\"\n\t\t\t\t\t\t\t\tdata-type=\"text\"\n\t\t\t\t\t\t\t\tdata-color=\"#fff\"\n\t\t\t\t\t\t\t\tdata-tsh=\"c:rgba(0,0,0,0.75);h:3px,2px,3px,3px;v:3px,2px,3px,3px;b:10px,8px,6px,6px;\"\n\t\t\t\t\t\t\t\tdata-rsp_ch=\"on\"\n\t\t\t\t\t\t\t\tdata-xy=\"x:c;y:m;\"\n\t\t\t\t\t\t\t\tdata-text=\"w:normal;s:82,82,82,55;l:90,90,90,63;ls:-1,0,0,0;fw:400,400,500,500;a:center;\"\n\t\t\t\t\t\t\t\tdata-dim=\"w:auto,auto,auto,323px;minh:0,none,none,none;\"\n\t\t\t\t\t\t\t\tdata-frame_1=\"sR:410;\"\n\t\t\t\t\t\t\t\tdata-frame_999=\"o:0;st:w;\"\n\t\t\t\t\t\t\t\tstyle=\"z-index:11;font-family:'Bon Vivant Serif';\"\n\t\t\t\t\t\t\t>Gastronomia <br>& Sapori \n\t\t\t\t\t\t\t<\/rs-layer><!--\n-->\t\t\t\t\t\t<\/rs-slide>\n\t\t\t\t\t<\/rs-slides>\n\t\t\t\t<\/rs-module>\n\t\t\t\t<script>\n\t\t\t\t\tsetREVStartSize({c: 'rev_slider_1_1',rl:[1240,1024,778,480],el:[900,768,960,720],gw:[1240,1024,778,480],gh:[900,768,960,720],type:'standard',justify:'',layout:'fullscreen',offsetContainer:'',offset:'10%',mh:\"0\"});if (window.RS_MODULES!==undefined && window.RS_MODULES.modules!==undefined && window.RS_MODULES.modules[\"revslider11\"]!==undefined) {window.RS_MODULES.modules[\"revslider11\"].once = false;window.revapi1 = undefined;if (window.RS_MODULES.checkMinimal!==undefined) window.RS_MODULES.checkMinimal()}\n\t\t\t\t<\/script>\n\t\t\t<\/rs-module-wrap>\n\t\t\t<!-- END REVOLUTION SLIDER -->\n<\/div>\n\n\t\t\t\t\t\t<\/div>\n\t\t\t\t<\/div>\n\t\t\t\t\t<\/div>\n\t\t<\/div>\n\t\t\t\t\t<\/div>\n\t\t<\/section>\n\t\t\t\t<section class=\"elementor-section elementor-top-section elementor-element elementor-element-2f89331 elementor-section-height-min-height elementor-hidden-tablet elementor-hidden-mobile elementor-section-boxed elementor-section-height-default elementor-section-items-middle elementor-invisible\" data-id=\"2f89331\" data-element_type=\"section\" data-e-type=\"section\" data-settings=\"{&quot;animation&quot;:&quot;fadeInUp&quot;}\">\n\t\t\t\t\t\t<div class=\"elementor-container elementor-column-gap-default\">\n\t\t\t\t\t<div class=\"elementor-column elementor-col-100 elementor-top-column elementor-element elementor-element-f88ec28\" data-id=\"f88ec28\" data-element_type=\"column\" data-e-type=\"column\">\n\t\t\t<div class=\"elementor-widget-wrap elementor-element-populated\">\n\t\t\t\t\t\t<section class=\"elementor-section elementor-inner-section elementor-element elementor-element-51185f0 elementor-section-height-min-height elementor-section-boxed elementor-section-height-default\" data-id=\"51185f0\" data-element_type=\"section\" data-e-type=\"section\">\n\t\t\t\t\t\t<div class=\"elementor-container elementor-column-gap-default\">\n\t\t\t\t\t<div class=\"elementor-column elementor-col-33 elementor-inner-column elementor-element elementor-element-05f1f15 click-child pointer\" data-id=\"05f1f15\" data-element_type=\"column\" data-e-type=\"column\" data-settings=\"{&quot;background_background&quot;:&quot;classic&quot;}\">\n\t\t\t<div class=\"elementor-widget-wrap elementor-element-populated\">\n\t\t\t\t\t<div class=\"elementor-background-overlay\"><\/div>\n\t\t\t\t\t\t<div class=\"elementor-element elementor-element-ef608f7 elementor-widget elementor-widget-heading\" data-id=\"ef608f7\" data-element_type=\"widget\" data-e-type=\"widget\" data-widget_type=\"heading.default\">\n\t\t\t\t<div class=\"elementor-widget-container\">\n\t\t\t\t\t<h3 class=\"elementor-heading-title elementor-size-default\"><a href=\"https:\/\/central-seefeld.at\/it\/hotel-central-a-seefeld-in-tirol\/camere-e-appartamenti\/\" target=\"_blank\">Camere e appartamenti<\/a><\/h3>\t\t\t\t<\/div>\n\t\t\t\t<\/div>\n\t\t\t\t\t<\/div>\n\t\t<\/div>\n\t\t\t\t<div class=\"elementor-column elementor-col-33 elementor-inner-column elementor-element elementor-element-8d35fec click-child pointer\" data-id=\"8d35fec\" data-element_type=\"column\" data-e-type=\"column\" data-settings=\"{&quot;background_background&quot;:&quot;classic&quot;}\">\n\t\t\t<div class=\"elementor-widget-wrap elementor-element-populated\">\n\t\t\t\t\t<div class=\"elementor-background-overlay\"><\/div>\n\t\t\t\t\t\t<div class=\"elementor-element elementor-element-826b2dc elementor-widget elementor-widget-heading\" data-id=\"826b2dc\" data-element_type=\"widget\" data-e-type=\"widget\" data-widget_type=\"heading.default\">\n\t\t\t\t<div class=\"elementor-widget-container\">\n\t\t\t\t\t<h3 class=\"elementor-heading-title elementor-size-default\"><a href=\"https:\/\/central-seefeld.at\/it\/gastronomia\/\">Gastronomia<\/a><\/h3>\t\t\t\t<\/div>\n\t\t\t\t<\/div>\n\t\t\t\t\t<\/div>\n\t\t<\/div>\n\t\t\t\t<div class=\"elementor-column elementor-col-33 elementor-inner-column elementor-element elementor-element-fa8d89e click-child pointer\" data-id=\"fa8d89e\" data-element_type=\"column\" data-e-type=\"column\" data-settings=\"{&quot;background_background&quot;:&quot;classic&quot;}\">\n\t\t\t<div class=\"elementor-widget-wrap elementor-element-populated\">\n\t\t\t\t\t<div class=\"elementor-background-overlay\"><\/div>\n\t\t\t\t\t\t<div class=\"elementor-element elementor-element-1eb4c0c elementor-widget elementor-widget-heading\" data-id=\"1eb4c0c\" data-element_type=\"widget\" data-e-type=\"widget\" data-widget_type=\"heading.default\">\n\t\t\t\t<div class=\"elementor-widget-container\">\n\t\t\t\t\t<h3 class=\"elementor-heading-title elementor-size-default\"><a href=\"https:\/\/central-seefeld.at\/it\/wellness\/\">Wellness<\/a><\/h3>\t\t\t\t<\/div>\n\t\t\t\t<\/div>\n\t\t\t\t\t<\/div>\n\t\t<\/div>\n\t\t\t\t\t<\/div>\n\t\t<\/section>\n\t\t\t\t\t<\/div>\n\t\t<\/div>\n\t\t\t\t\t<\/div>\n\t\t<\/section>\n\t\t\t\t<section class=\"elementor-section elementor-top-section elementor-element elementor-element-db3f80a elementor-section-boxed elementor-section-height-default elementor-section-height-default\" data-id=\"db3f80a\" data-element_type=\"section\" data-e-type=\"section\">\n\t\t\t\t\t\t<div class=\"elementor-container elementor-column-gap-default\">\n\t\t\t\t\t<div class=\"elementor-column elementor-col-100 elementor-top-column elementor-element elementor-element-385fad7\" data-id=\"385fad7\" data-element_type=\"column\" data-e-type=\"column\">\n\t\t\t<div class=\"elementor-widget-wrap elementor-element-populated\">\n\t\t\t\t\t\t<div class=\"elementor-element elementor-element-aa5f9fc elementor-widget elementor-widget-text-editor\" data-id=\"aa5f9fc\" data-element_type=\"widget\" data-e-type=\"widget\" data-widget_type=\"text-editor.default\">\n\t\t\t\t<div class=\"elementor-widget-container\">\n\t\t\t\t\t\t\t\t\t<p>Hotel 4 stelle a Seefeld in Tirol, Austria<\/p>\n\t\t\t\t\t\t\t\t<\/div>\n\t\t\t\t<\/div>\n\t\t\t\t<div class=\"elementor-element elementor-element-e172139 elementor-widget elementor-widget-heading\" data-id=\"e172139\" data-element_type=\"widget\" data-e-type=\"widget\" data-widget_type=\"heading.default\">\n\t\t\t\t<div class=\"elementor-widget-container\">\n\t\t\t\t\t<h2 class=\"elementor-heading-title elementor-size-default\">Benvenuti<\/h2>\t\t\t\t<\/div>\n\t\t\t\t<\/div>\n\t\t\t\t<div class=\"elementor-element elementor-element-5b16d31 elementor-widget elementor-widget-heading\" data-id=\"5b16d31\" data-element_type=\"widget\" data-e-type=\"widget\" data-widget_type=\"heading.default\">\n\t\t\t\t<div class=\"elementor-widget-container\">\n\t\t\t\t\t<h2 class=\"elementor-heading-title elementor-size-default\">\nnell\u2019Hotel Central a Seefeld in Tirol!<\/h2>\t\t\t\t<\/div>\n\t\t\t\t<\/div>\n\t\t\t\t<div class=\"elementor-element elementor-element-0a110c7 elementor-widget elementor-widget-text-editor\" data-id=\"0a110c7\" data-element_type=\"widget\" data-e-type=\"widget\" data-widget_type=\"text-editor.default\">\n\t\t\t\t<div class=\"elementor-widget-container\">\n\t\t\t\t\t\t\t\t\t<p><strong>Sostenibile, a conduzione familiare, accogliente: questo \u00e8 l\u2019Hotel Central**** proprio nel cuore di Seefeld.<\/strong><\/p>\n<p>Non vediamo l&#8217;ora di darvi il benvenuto nella regione unica di Seefeld in Tirol. L&#8217;altopiano di Seefeld \u00e8 una delle regioni pi\u00f9 insolite e impressionanti del Tirolo. La cultura e la tradizione, cos\u00ec come il mondo montano unico, invitano al relax e al riposo, oltre che all&#8217;attivit\u00e0.  <\/p>\n<p>Durante la vostra vacanza in Austria, Seefeld in Tirol offre numerose possibilit\u00e0 di organizzare il tempo libero, per esempio escursioni, giri in bicicletta e in mountain bike in estate oppure sci di fondo, discesa e snowboard in inverno e tanto altro ancora.<\/p>\n<p>Noi dell\u2019Hotel Central ci impegnamo ogni giorno per fare della vostra vacanza in Austria una vacanza speciale. E questo lo assicurano la nostra cura dei dettagli, la nostra cucina eccellente con i suoi piatti tradizionali e il comfort nelle nostre camere spaziose e luminose. <\/p>\n<p>Orgogliosi della nostra tradizione, mostriamo ai nostri ospiti una nuova dimensione di vacanza all\u00b4insegna del benessere offrendo loro ricordi fantastici.<\/p>\n<p>Convinci te stesso e sii nostro ospite! Sia in estate che in inverno &#8211; con noi nel benessere Hotel Central, la vostra vacanza sar\u00e0 un&#8217;esperienza indimenticabile. <\/p>\n\t\t\t\t\t\t\t\t<\/div>\n\t\t\t\t<\/div>\n\t\t\t\t<div class=\"elementor-element elementor-element-e183cb7 elementor-view-default elementor-widget elementor-widget-icon\" data-id=\"e183cb7\" data-element_type=\"widget\" data-e-type=\"widget\" data-widget_type=\"icon.default\">\n\t\t\t\t<div class=\"elementor-widget-container\">\n\t\t\t\t\t\t\t<div class=\"elementor-icon-wrapper\">\n\t\t\t<div class=\"elementor-icon\">\n\t\t\t<svg xmlns=\"http:\/\/www.w3.org\/2000\/svg\" xmlns:xlink=\"http:\/\/www.w3.org\/1999\/xlink\" id=\"Ebene_1\" x=\"0px\" y=\"0px\" viewBox=\"0 0 177.2 28.7\" style=\"enable-background:new 0 0 177.2 28.7;\" xml:space=\"preserve\"><g>\t<g>\t\t<path d=\"M177.2,8.5c-1.2,8.1-11.5,12.7-19.5,14.4c-8.7,1.8-15.6,0.7-20,0.3c-2.3-0.2-15.1,11.3-54.1-2.7c-5.2,1.9-10.5,3.3-16,4.1   c-22.4,2.8-30-9.2-19.5-18.7c-10-3.1-22.6-3.3-32.8,0.9C-2.2,13.9,1.5,30.4,7.4,25.5c-3.2-1.6-2.9-4.9-0.1-5.2   c2.5-0.3,5.3,1.7,4.3,4.1c-0.7,1.7-2.1,3-3.8,3.7C2.7,30.4-2,25,0.9,17C7.1,2.2,31-0.9,49.4,4.4c1.4,0.4,7.1-5.9,24.4-4.1   c11,1.2,18.6,5.1,27.6,9.1c0.7,0.3,0,0.4,3.8-1.3c37.5-16.6,47-1.5,39.8,8.5c-1.5,2-3.4,3.8-5.5,5.1c-0.4,0.3,19.1,2.6,30.1-6.4   c4.5-3.7,4.7-6.5,4.5-9.3c-0.4,0-0.4,2-3.4,2.1c-3.5,0.8-5.3-5.6-0.2-6.5C173.6,1.3,177.2,4.1,177.2,8.5 M104.9,11.2   c6.9,3.2,16.2,7.9,30.3,10.2c1.3,0.2,5.5-3,7.3-5.1c6.3-7.4,2.5-15.1-11.6-13.7C121.4,3.6,107.4,9.8,104.9,11.2 M52.3,5.3   c23.9,9.8,20.3,8.9,30.5,13c5.9-2.3,11.6-5.1,17.4-7.8C86.1,3.2,66.2-2,52.3,5.3 M80.3,19.2c0,0-22-10-30-12.7   c-7.5,5.6-6.2,12.2-0.6,15C57.8,25.5,72.2,22.8,80.3,19.2 M86.1,19.6c-0.3-0.3,27.3,11.6,47.1,2.9c-5.2-1.4-9.5-1.1-30-10.5   L86.1,19.6\"><\/path>\t<\/g><\/g><\/svg>\t\t\t<\/div>\n\t\t<\/div>\n\t\t\t\t\t\t<\/div>\n\t\t\t\t<\/div>\n\t\t\t\t\t<\/div>\n\t\t<\/div>\n\t\t\t\t\t<\/div>\n\t\t<\/section>\n\t\t\t\t<section class=\"elementor-section elementor-top-section elementor-element elementor-element-8182bb3 elementor-section-boxed elementor-section-height-default elementor-section-height-default elementor-invisible\" data-id=\"8182bb3\" data-element_type=\"section\" data-e-type=\"section\" data-settings=\"{&quot;animation&quot;:&quot;fadeInUp&quot;}\">\n\t\t\t\t\t\t<div class=\"elementor-container elementor-column-gap-default\">\n\t\t\t\t\t<div class=\"elementor-column elementor-col-100 elementor-top-column elementor-element elementor-element-5732ace\" data-id=\"5732ace\" data-element_type=\"column\" data-e-type=\"column\">\n\t\t\t<div class=\"elementor-widget-wrap elementor-element-populated\">\n\t\t\t\t\t\t<div class=\"elementor-element elementor-element-ec0d347 elementor-widget elementor-widget-heading\" data-id=\"ec0d347\" data-element_type=\"widget\" data-e-type=\"widget\" data-widget_type=\"heading.default\">\n\t\t\t\t<div class=\"elementor-widget-container\">\n\t\t\t\t\t<h2 class=\"elementor-heading-title elementor-size-default\">Central Pacchetti<\/h2>\t\t\t\t<\/div>\n\t\t\t\t<\/div>\n\t\t\t\t<div class=\"elementor-element elementor-element-873aa47 elementor-widget elementor-widget-text-editor\" data-id=\"873aa47\" data-element_type=\"widget\" data-e-type=\"widget\" data-widget_type=\"text-editor.default\">\n\t\t\t\t<div class=\"elementor-widget-container\">\n\t\t\t\t\t\t\t\t\t<p>I nostri <a href=\"https:\/\/central-seefeld.at\/angebote-pauschalen\/\"><strong>pacchetti e offerte<\/strong><\/a> per la vostra vacanza nella regione di Seefeld.<\/p>\n\t\t\t\t\t\t\t\t<\/div>\n\t\t\t\t<\/div>\n\t\t\t\t<div class=\"elementor-element elementor-element-821266e elementor-widget elementor-widget-jet-listing-grid\" data-id=\"821266e\" data-element_type=\"widget\" data-e-type=\"widget\" data-settings=\"{&quot;columns&quot;:&quot;3&quot;,&quot;columns_tablet&quot;:&quot;2&quot;,&quot;columns_mobile&quot;:&quot;1&quot;}\" data-widget_type=\"jet-listing-grid.default\">\n\t\t\t\t<div class=\"elementor-widget-container\">\n\t\t\t\t\t<div class=\"jet-listing-grid jet-listing\"><div class=\"jet-listing-grid__slider\" data-slider_options=\"{&quot;autoplaySpeed&quot;:5000,&quot;autoplay&quot;:true,&quot;pauseOnHover&quot;:true,&quot;infinite&quot;:true,&quot;centerMode&quot;:false,&quot;speed&quot;:1000,&quot;arrows&quot;:false,&quot;dots&quot;:true,&quot;slidesToScroll&quot;:3,&quot;prevArrow&quot;:&quot;\\u003Cdiv class=\\u0027jet-listing-grid__slider-icon prev-arrow \\u0027 role=\\u0027button\\u0027 aria-label=\\u0027Previous\\u0027\\u003E\\u003Csvg width=\\u0027180\\u0027 height=\\u0027180\\u0027 viewBox=\\u00270 0 180 180\\u0027 fill=\\u0027none\\u0027 xmlns=\\u0027http:\\\/\\\/www.w3.org\\\/2000\\\/svg\\u0027\\u003E\\u003Cpath d=\\u0027M175 80.4926V99.4937C175 100.417 174.705 101.176 174.115 101.77C173.524 102.364 172.77 102.661 171.852 102.661H49.0741V124.828C49.0741 126.214 48.451 127.171 47.2049 127.698C45.9587 128.226 44.811 128.061 43.7616 127.204L5.9838 92.5662C5.32793 91.9064 5 91.1477 5 90.29C5 89.3664 5.32793 88.5747 5.9838 87.9149L43.7616 52.8817C44.811 51.958 45.9587 51.7601 47.2049 52.2879C48.451 52.8817 49.0741 53.8383 49.0741 55.1579V77.3258H171.852C172.77 77.3258 173.524 77.6227 174.115 78.2164C174.705 78.8102 175 79.5689 175 80.4926Z\\u0027 fill=\\u0027black\\u0027\\\/\\u003E\\u003C\\\/svg\\u003E\\u003C\\\/div\\u003E&quot;,&quot;nextArrow&quot;:&quot;\\u003Cdiv class=\\u0027jet-listing-grid__slider-icon next-arrow \\u0027 role=\\u0027button\\u0027 aria-label=\\u0027Next\\u0027\\u003E\\u003Csvg width=\\u0027180\\u0027 height=\\u0027180\\u0027 viewBox=\\u00270 0 180 180\\u0027 fill=\\u0027none\\u0027 xmlns=\\u0027http:\\\/\\\/www.w3.org\\\/2000\\\/svg\\u0027\\u003E\\u003Cpath d=\\u0027M175 80.4926V99.4937C175 100.417 174.705 101.176 174.115 101.77C173.524 102.364 172.77 102.661 171.852 102.661H49.0741V124.828C49.0741 126.214 48.451 127.171 47.2049 127.698C45.9587 128.226 44.811 128.061 43.7616 127.204L5.9838 92.5662C5.32793 91.9064 5 91.1477 5 90.29C5 89.3664 5.32793 88.5747 5.9838 87.9149L43.7616 52.8817C44.811 51.958 45.9587 51.7601 47.2049 52.2879C48.451 52.8817 49.0741 53.8383 49.0741 55.1579V77.3258H171.852C172.77 77.3258 173.524 77.6227 174.115 78.2164C174.705 78.8102 175 79.5689 175 80.4926Z\\u0027 fill=\\u0027black\\u0027\\\/\\u003E\\u003C\\\/svg\\u003E\\u003C\\\/div\\u003E&quot;,&quot;rtl&quot;:false,&quot;itemsCount&quot;:10,&quot;fade&quot;:false,&quot;slidesToShow&quot;:{&quot;desktop&quot;:3,&quot;tablet&quot;:2,&quot;mobile&quot;:1}}\" dir=\"ltr\"><div class=\"jet-listing-grid__items grid-col-desk-3 grid-col-tablet-2 grid-col-mobile-1 jet-listing-grid--3211 jet-equal-columns__wrapper\" data-queried-id=\"2753|WP_Post\" data-nav=\"{&quot;enabled&quot;:false,&quot;type&quot;:null,&quot;more_el&quot;:null,&quot;query&quot;:[],&quot;widget_settings&quot;:{&quot;lisitng_id&quot;:3211,&quot;posts_num&quot;:20,&quot;columns&quot;:3,&quot;columns_tablet&quot;:2,&quot;columns_mobile&quot;:1,&quot;column_min_width&quot;:240,&quot;column_min_width_tablet&quot;:240,&quot;column_min_width_mobile&quot;:240,&quot;inline_columns_css&quot;:false,&quot;is_archive_template&quot;:&quot;&quot;,&quot;post_status&quot;:[&quot;publish&quot;],&quot;use_random_posts_num&quot;:&quot;&quot;,&quot;max_posts_num&quot;:9,&quot;not_found_message&quot;:&quot;Nessuna offerta trovata&quot;,&quot;is_masonry&quot;:false,&quot;equal_columns_height&quot;:&quot;yes&quot;,&quot;use_load_more&quot;:&quot;&quot;,&quot;load_more_id&quot;:&quot;&quot;,&quot;load_more_type&quot;:&quot;click&quot;,&quot;load_more_offset&quot;:{&quot;unit&quot;:&quot;px&quot;,&quot;size&quot;:0,&quot;sizes&quot;:[]},&quot;use_custom_post_types&quot;:&quot;&quot;,&quot;custom_post_types&quot;:[],&quot;hide_widget_if&quot;:&quot;empty_query&quot;,&quot;carousel_enabled&quot;:&quot;yes&quot;,&quot;slides_to_scroll&quot;:&quot;3&quot;,&quot;arrows&quot;:&quot;true&quot;,&quot;arrow_icon&quot;:&quot;fa fa-long-arrow-left&quot;,&quot;dots&quot;:&quot;true&quot;,&quot;autoplay&quot;:&quot;true&quot;,&quot;pause_on_hover&quot;:&quot;true&quot;,&quot;autoplay_speed&quot;:5000,&quot;infinite&quot;:&quot;true&quot;,&quot;center_mode&quot;:&quot;&quot;,&quot;effect&quot;:&quot;slide&quot;,&quot;speed&quot;:1000,&quot;inject_alternative_items&quot;:&quot;&quot;,&quot;injection_items&quot;:[],&quot;scroll_slider_enabled&quot;:&quot;&quot;,&quot;scroll_slider_on&quot;:[&quot;desktop&quot;,&quot;tablet&quot;,&quot;mobile&quot;],&quot;custom_query&quot;:false,&quot;custom_query_id&quot;:&quot;&quot;,&quot;_element_id&quot;:&quot;&quot;,&quot;collapse_first_last_gap&quot;:false,&quot;list_tag_selection&quot;:&quot;&quot;,&quot;list_items_wrapper_tag&quot;:&quot;div&quot;,&quot;list_item_tag&quot;:&quot;div&quot;,&quot;empty_items_wrapper_tag&quot;:&quot;div&quot;}}\" data-page=\"1\" data-pages=\"1\" data-listing-source=\"posts\" data-listing-id=\"3211\" data-query-id=\"\"><div class=\"jet-listing-grid__item jet-listing-dynamic-post-3356 jet-equal-columns\" data-post-id=\"3356\"  ><div class=\"jet-engine-listing-overlay-wrap\" data-url=\"http:\/\/booking.central-seefeld.com\/?skd-package-view=LANG_VG&amp;skd-language-code=DE&amp;skd-currency-code=EUR\" data-target=\"_blank\">\t\t<div data-elementor-type=\"jet-listing-items\" data-elementor-id=\"3360\" class=\"elementor elementor-3360 elementor-3211 elementor-3211\" data-elementor-post-type=\"jet-engine\">\n\t\t\t\t\t\t<section class=\"elementor-section elementor-top-section elementor-element elementor-element-65323ee1 elementor-section-height-min-height elementor-section-items-top elementor-section-content-top elementor-section-boxed elementor-section-height-default\" data-id=\"65323ee1\" data-element_type=\"section\" data-e-type=\"section\">\n\t\t\t\t\t\t<div class=\"elementor-container elementor-column-gap-default\">\n\t\t\t\t\t<div class=\"elementor-column elementor-col-100 elementor-top-column elementor-element elementor-element-464ad2e7\" data-id=\"464ad2e7\" data-element_type=\"column\" data-e-type=\"column\">\n\t\t\t<div class=\"elementor-widget-wrap elementor-element-populated\">\n\t\t\t\t\t\t<div class=\"elementor-element elementor-element-35452bf elementor-widget elementor-widget-jet-listing-dynamic-image\" data-id=\"35452bf\" data-element_type=\"widget\" data-e-type=\"widget\" data-widget_type=\"jet-listing-dynamic-image.default\">\n\t\t\t\t<div class=\"elementor-widget-container\">\n\t\t\t\t\t<div class=\"jet-listing jet-listing-dynamic-image\" ><a href=\"http:\/\/booking.central-seefeld.com\/?skd-package-view=LANG_VG&amp;skd-language-code=DE&amp;skd-currency-code=EUR\" class=\"jet-listing-dynamic-image__link\"><img decoding=\"async\" width=\"2560\" height=\"1707\" src=\"https:\/\/central-seefeld.at\/wp-content\/uploads\/seefeld-langlaufen.jpg\" class=\"jet-listing-dynamic-image__img attachment-full size-full\" alt=\"Langlaufen in der Region Seefeld_zwei Langl\u00e4ufer auf A1 Loipe Seekirchl Loipe in Seefeld_Klassisch_Aufnahme bei \u00dcbungsloipe von hinten\" srcset=\"https:\/\/central-seefeld.at\/wp-content\/uploads\/seefeld-langlaufen.jpg 2560w, https:\/\/central-seefeld.at\/wp-content\/uploads\/seefeld-langlaufen-300x200.jpg 300w, https:\/\/central-seefeld.at\/wp-content\/uploads\/seefeld-langlaufen-1024x683.jpg 1024w, https:\/\/central-seefeld.at\/wp-content\/uploads\/seefeld-langlaufen-768x512.jpg 768w, https:\/\/central-seefeld.at\/wp-content\/uploads\/seefeld-langlaufen-1536x1024.jpg 1536w, https:\/\/central-seefeld.at\/wp-content\/uploads\/seefeld-langlaufen-2048x1366.jpg 2048w\" sizes=\"(max-width: 2560px) 100vw, 2560px\" loading=\"eager\" \/><\/a><\/div>\t\t\t\t<\/div>\n\t\t\t\t<\/div>\n\t\t\t\t<div class=\"elementor-element elementor-element-323c2305 elementor-widget__width-inherit elementor-widget elementor-widget-jet-listing-dynamic-field\" data-id=\"323c2305\" data-element_type=\"widget\" data-e-type=\"widget\" data-widget_type=\"jet-listing-dynamic-field.default\">\n\t\t\t\t<div class=\"elementor-widget-container\">\n\t\t\t\t\t<div class=\"jet-listing jet-listing-dynamic-field display-inline\"><div class=\"jet-listing-dynamic-field__inline-wrap\"><div class=\"jet-listing-dynamic-field__content\" >a partire da \u20ac 849,- a persona<\/div><\/div><\/div>\t\t\t\t<\/div>\n\t\t\t\t<\/div>\n\t\t\t\t<div class=\"elementor-element elementor-element-4a563199 elementor-widget elementor-widget-jet-listing-dynamic-field\" data-id=\"4a563199\" data-element_type=\"widget\" data-e-type=\"widget\" data-widget_type=\"jet-listing-dynamic-field.default\">\n\t\t\t\t<div class=\"elementor-widget-container\">\n\t\t\t\t\t<div class=\"jet-listing jet-listing-dynamic-field display-inline\"><div class=\"jet-listing-dynamic-field__inline-wrap\"><div class=\"jet-listing-dynamic-field__content\" >Divertimento con lo sci di fondo<\/div><\/div><\/div>\t\t\t\t<\/div>\n\t\t\t\t<\/div>\n\t\t\t\t<div class=\"elementor-element elementor-element-7890bbc4 elementor-widget__width-inherit elementor-widget elementor-widget-jet-listing-dynamic-field\" data-id=\"7890bbc4\" data-element_type=\"widget\" data-e-type=\"widget\" data-widget_type=\"jet-listing-dynamic-field.default\">\n\t\t\t\t<div class=\"elementor-widget-container\">\n\t\t\t\t\t<div class=\"jet-listing jet-listing-dynamic-field display-inline\"><div class=\"jet-listing-dynamic-field__inline-wrap\"><i class=\"jet-listing-dynamic-field__icon far fa-calendar-alt\" aria-hidden=\"true\"><\/i><div class=\"jet-listing-dynamic-field__content\" >02.01.-07.02. &amp; dal 01.03.2027<\/div><\/div><\/div>\t\t\t\t<\/div>\n\t\t\t\t<\/div>\n\t\t\t\t<div class=\"elementor-element elementor-element-30a7e38 elementor-align-justify elementor-widget__width-inherit elementor-widget-mobile__width-inherit button-rot elementor-mobile-align-justify elementor-widget elementor-widget-button\" data-id=\"30a7e38\" data-element_type=\"widget\" data-e-type=\"widget\" data-widget_type=\"button.default\">\n\t\t\t\t<div class=\"elementor-widget-container\">\n\t\t\t\t\t\t\t\t\t<div class=\"elementor-button-wrapper\">\n\t\t\t\t\t<a class=\"elementor-button elementor-button-link elementor-size-sm\" href=\"http:\/\/booking.central-seefeld.com\/?skd-package-view=LANG_VG&#038;skd-language-code=DE&#038;skd-currency-code=EUR\">\n\t\t\t\t\t\t<span class=\"elementor-button-content-wrapper\">\n\t\t\t\t\t\t\t\t\t<span class=\"elementor-button-text\">Prenota ora<\/span>\n\t\t\t\t\t<\/span>\n\t\t\t\t\t<\/a>\n\t\t\t\t<\/div>\n\t\t\t\t\t\t\t\t<\/div>\n\t\t\t\t<\/div>\n\t\t\t\t\t<\/div>\n\t\t<\/div>\n\t\t\t\t\t<\/div>\n\t\t<\/section>\n\t\t\t\t<\/div>\n\t\t<a href=\"http:\/\/booking.central-seefeld.com\/?skd-package-view=LANG_VG&amp;skd-language-code=DE&amp;skd-currency-code=EUR\" class=\"jet-engine-listing-overlay-link\" target=\"_blank\"><\/a><\/div><\/div><div class=\"jet-listing-grid__item jet-listing-dynamic-post-3355 jet-equal-columns\" data-post-id=\"3355\"  ><div class=\"jet-engine-listing-overlay-wrap\" data-url=\"http:\/\/booking.central-seefeld.com\/?skd-package-view=BERG_WI&amp;skd-language-code=DE&amp;skd-currency-code=EUR\" data-target=\"_blank\">\t\t<div data-elementor-type=\"jet-listing-items\" data-elementor-id=\"3360\" class=\"elementor elementor-3360 elementor-3211 elementor-3211\" data-elementor-post-type=\"jet-engine\">\n\t\t\t\t\t\t<section class=\"elementor-section elementor-top-section elementor-element elementor-element-65323ee1 elementor-section-height-min-height elementor-section-items-top elementor-section-content-top elementor-section-boxed elementor-section-height-default\" data-id=\"65323ee1\" data-element_type=\"section\" data-e-type=\"section\">\n\t\t\t\t\t\t<div class=\"elementor-container elementor-column-gap-default\">\n\t\t\t\t\t<div class=\"elementor-column elementor-col-100 elementor-top-column elementor-element elementor-element-464ad2e7\" data-id=\"464ad2e7\" data-element_type=\"column\" data-e-type=\"column\">\n\t\t\t<div class=\"elementor-widget-wrap elementor-element-populated\">\n\t\t\t\t\t\t<div class=\"elementor-element elementor-element-35452bf elementor-widget elementor-widget-jet-listing-dynamic-image\" data-id=\"35452bf\" data-element_type=\"widget\" data-e-type=\"widget\" data-widget_type=\"jet-listing-dynamic-image.default\">\n\t\t\t\t<div class=\"elementor-widget-container\">\n\t\t\t\t\t<div class=\"jet-listing jet-listing-dynamic-image\" ><a href=\"http:\/\/booking.central-seefeld.com\/?skd-package-view=BERG_WI&amp;skd-language-code=DE&amp;skd-currency-code=EUR\" class=\"jet-listing-dynamic-image__link\"><img decoding=\"async\" width=\"2560\" height=\"1707\" src=\"https:\/\/central-seefeld.at\/wp-content\/uploads\/seefeld-bergwinter.jpg\" class=\"jet-listing-dynamic-image__img attachment-full size-full\" alt=\"Winterwandern in der Region Seefeld_Mann und Frau wandern im Fludertal_Aufnahme von hinten gegen die Sonne\" srcset=\"https:\/\/central-seefeld.at\/wp-content\/uploads\/seefeld-bergwinter.jpg 2560w, https:\/\/central-seefeld.at\/wp-content\/uploads\/seefeld-bergwinter-300x200.jpg 300w, https:\/\/central-seefeld.at\/wp-content\/uploads\/seefeld-bergwinter-1024x683.jpg 1024w, https:\/\/central-seefeld.at\/wp-content\/uploads\/seefeld-bergwinter-768x512.jpg 768w, https:\/\/central-seefeld.at\/wp-content\/uploads\/seefeld-bergwinter-1536x1024.jpg 1536w, https:\/\/central-seefeld.at\/wp-content\/uploads\/seefeld-bergwinter-2048x1366.jpg 2048w\" sizes=\"(max-width: 2560px) 100vw, 2560px\" loading=\"eager\" \/><\/a><\/div>\t\t\t\t<\/div>\n\t\t\t\t<\/div>\n\t\t\t\t<div class=\"elementor-element elementor-element-323c2305 elementor-widget__width-inherit elementor-widget elementor-widget-jet-listing-dynamic-field\" data-id=\"323c2305\" data-element_type=\"widget\" data-e-type=\"widget\" data-widget_type=\"jet-listing-dynamic-field.default\">\n\t\t\t\t<div class=\"elementor-widget-container\">\n\t\t\t\t\t<div class=\"jet-listing jet-listing-dynamic-field display-inline\"><div class=\"jet-listing-dynamic-field__inline-wrap\"><div class=\"jet-listing-dynamic-field__content\" >a partire da \u20ac 828,- a persona<\/div><\/div><\/div>\t\t\t\t<\/div>\n\t\t\t\t<\/div>\n\t\t\t\t<div class=\"elementor-element elementor-element-4a563199 elementor-widget elementor-widget-jet-listing-dynamic-field\" data-id=\"4a563199\" data-element_type=\"widget\" data-e-type=\"widget\" data-widget_type=\"jet-listing-dynamic-field.default\">\n\t\t\t\t<div class=\"elementor-widget-container\">\n\t\t\t\t\t<div class=\"jet-listing jet-listing-dynamic-field display-inline\"><div class=\"jet-listing-dynamic-field__inline-wrap\"><div class=\"jet-listing-dynamic-field__content\" >Idilliaco inverno in montagna<\/div><\/div><\/div>\t\t\t\t<\/div>\n\t\t\t\t<\/div>\n\t\t\t\t<div class=\"elementor-element elementor-element-7890bbc4 elementor-widget__width-inherit elementor-widget elementor-widget-jet-listing-dynamic-field\" data-id=\"7890bbc4\" data-element_type=\"widget\" data-e-type=\"widget\" data-widget_type=\"jet-listing-dynamic-field.default\">\n\t\t\t\t<div class=\"elementor-widget-container\">\n\t\t\t\t\t<div class=\"jet-listing jet-listing-dynamic-field display-inline\"><div class=\"jet-listing-dynamic-field__inline-wrap\"><i class=\"jet-listing-dynamic-field__icon far fa-calendar-alt\" aria-hidden=\"true\"><\/i><div class=\"jet-listing-dynamic-field__content\" >02.01. - 07.02. &amp; dal 01.03.2027<\/div><\/div><\/div>\t\t\t\t<\/div>\n\t\t\t\t<\/div>\n\t\t\t\t<div class=\"elementor-element elementor-element-30a7e38 elementor-align-justify elementor-widget__width-inherit elementor-widget-mobile__width-inherit button-rot elementor-mobile-align-justify elementor-widget elementor-widget-button\" data-id=\"30a7e38\" data-element_type=\"widget\" data-e-type=\"widget\" data-widget_type=\"button.default\">\n\t\t\t\t<div class=\"elementor-widget-container\">\n\t\t\t\t\t\t\t\t\t<div class=\"elementor-button-wrapper\">\n\t\t\t\t\t<a class=\"elementor-button elementor-button-link elementor-size-sm\" href=\"http:\/\/booking.central-seefeld.com\/?skd-package-view=BERG_WI&#038;skd-language-code=DE&#038;skd-currency-code=EUR\">\n\t\t\t\t\t\t<span class=\"elementor-button-content-wrapper\">\n\t\t\t\t\t\t\t\t\t<span class=\"elementor-button-text\">Prenota ora<\/span>\n\t\t\t\t\t<\/span>\n\t\t\t\t\t<\/a>\n\t\t\t\t<\/div>\n\t\t\t\t\t\t\t\t<\/div>\n\t\t\t\t<\/div>\n\t\t\t\t\t<\/div>\n\t\t<\/div>\n\t\t\t\t\t<\/div>\n\t\t<\/section>\n\t\t\t\t<\/div>\n\t\t<a href=\"http:\/\/booking.central-seefeld.com\/?skd-package-view=BERG_WI&amp;skd-language-code=DE&amp;skd-currency-code=EUR\" class=\"jet-engine-listing-overlay-link\" target=\"_blank\"><\/a><\/div><\/div><div class=\"jet-listing-grid__item jet-listing-dynamic-post-3354 jet-equal-columns\" data-post-id=\"3354\"  ><div class=\"jet-engine-listing-overlay-wrap\" data-url=\"http:\/\/booking.central-seefeld.com\/?skd-package-view=WINTERZAUB&amp;skd-language-code=DE&amp;skd-currency-code=EUR\" data-target=\"_blank\">\t\t<div data-elementor-type=\"jet-listing-items\" data-elementor-id=\"3360\" class=\"elementor elementor-3360 elementor-3211 elementor-3211\" data-elementor-post-type=\"jet-engine\">\n\t\t\t\t\t\t<section class=\"elementor-section elementor-top-section elementor-element elementor-element-65323ee1 elementor-section-height-min-height elementor-section-items-top elementor-section-content-top elementor-section-boxed elementor-section-height-default\" data-id=\"65323ee1\" data-element_type=\"section\" data-e-type=\"section\">\n\t\t\t\t\t\t<div class=\"elementor-container elementor-column-gap-default\">\n\t\t\t\t\t<div class=\"elementor-column elementor-col-100 elementor-top-column elementor-element elementor-element-464ad2e7\" data-id=\"464ad2e7\" data-element_type=\"column\" data-e-type=\"column\">\n\t\t\t<div class=\"elementor-widget-wrap elementor-element-populated\">\n\t\t\t\t\t\t<div class=\"elementor-element elementor-element-35452bf elementor-widget elementor-widget-jet-listing-dynamic-image\" data-id=\"35452bf\" data-element_type=\"widget\" data-e-type=\"widget\" data-widget_type=\"jet-listing-dynamic-image.default\">\n\t\t\t\t<div class=\"elementor-widget-container\">\n\t\t\t\t\t<div class=\"jet-listing jet-listing-dynamic-image\" ><a href=\"http:\/\/booking.central-seefeld.com\/?skd-package-view=WINTERZAUB&amp;skd-language-code=DE&amp;skd-currency-code=EUR\" class=\"jet-listing-dynamic-image__link\"><img decoding=\"async\" width=\"2560\" height=\"1707\" src=\"https:\/\/central-seefeld.at\/wp-content\/uploads\/seefeld-winterzauber.jpg\" class=\"jet-listing-dynamic-image__img attachment-full size-full\" alt=\"Winterwandern im Wildmoos_Paar lacht mit Schnee der hinunter f\u00e4llt\" srcset=\"https:\/\/central-seefeld.at\/wp-content\/uploads\/seefeld-winterzauber.jpg 2560w, https:\/\/central-seefeld.at\/wp-content\/uploads\/seefeld-winterzauber-300x200.jpg 300w, https:\/\/central-seefeld.at\/wp-content\/uploads\/seefeld-winterzauber-1024x683.jpg 1024w, https:\/\/central-seefeld.at\/wp-content\/uploads\/seefeld-winterzauber-768x512.jpg 768w, https:\/\/central-seefeld.at\/wp-content\/uploads\/seefeld-winterzauber-1536x1024.jpg 1536w, https:\/\/central-seefeld.at\/wp-content\/uploads\/seefeld-winterzauber-2048x1366.jpg 2048w\" sizes=\"(max-width: 2560px) 100vw, 2560px\" loading=\"eager\" \/><\/a><\/div>\t\t\t\t<\/div>\n\t\t\t\t<\/div>\n\t\t\t\t<div class=\"elementor-element elementor-element-323c2305 elementor-widget__width-inherit elementor-widget elementor-widget-jet-listing-dynamic-field\" data-id=\"323c2305\" data-element_type=\"widget\" data-e-type=\"widget\" data-widget_type=\"jet-listing-dynamic-field.default\">\n\t\t\t\t<div class=\"elementor-widget-container\">\n\t\t\t\t\t<div class=\"jet-listing jet-listing-dynamic-field display-inline\"><div class=\"jet-listing-dynamic-field__inline-wrap\"><div class=\"jet-listing-dynamic-field__content\" >a partire da \u20ac 725,- a persona<\/div><\/div><\/div>\t\t\t\t<\/div>\n\t\t\t\t<\/div>\n\t\t\t\t<div class=\"elementor-element elementor-element-4a563199 elementor-widget elementor-widget-jet-listing-dynamic-field\" data-id=\"4a563199\" data-element_type=\"widget\" data-e-type=\"widget\" data-widget_type=\"jet-listing-dynamic-field.default\">\n\t\t\t\t<div class=\"elementor-widget-container\">\n\t\t\t\t\t<div class=\"jet-listing jet-listing-dynamic-field display-inline\"><div class=\"jet-listing-dynamic-field__inline-wrap\"><div class=\"jet-listing-dynamic-field__content\" >\"Magia invernale sull'altopiano soleggiato\"<\/div><\/div><\/div>\t\t\t\t<\/div>\n\t\t\t\t<\/div>\n\t\t\t\t<div class=\"elementor-element elementor-element-7890bbc4 elementor-widget__width-inherit elementor-widget elementor-widget-jet-listing-dynamic-field\" data-id=\"7890bbc4\" data-element_type=\"widget\" data-e-type=\"widget\" data-widget_type=\"jet-listing-dynamic-field.default\">\n\t\t\t\t<div class=\"elementor-widget-container\">\n\t\t\t\t\t<div class=\"jet-listing jet-listing-dynamic-field display-inline\"><div class=\"jet-listing-dynamic-field__inline-wrap\"><i class=\"jet-listing-dynamic-field__icon far fa-calendar-alt\" aria-hidden=\"true\"><\/i><div class=\"jet-listing-dynamic-field__content\" >02.01.-07.02.2027<\/div><\/div><\/div>\t\t\t\t<\/div>\n\t\t\t\t<\/div>\n\t\t\t\t<div class=\"elementor-element elementor-element-30a7e38 elementor-align-justify elementor-widget__width-inherit elementor-widget-mobile__width-inherit button-rot elementor-mobile-align-justify elementor-widget elementor-widget-button\" data-id=\"30a7e38\" data-element_type=\"widget\" data-e-type=\"widget\" data-widget_type=\"button.default\">\n\t\t\t\t<div class=\"elementor-widget-container\">\n\t\t\t\t\t\t\t\t\t<div class=\"elementor-button-wrapper\">\n\t\t\t\t\t<a class=\"elementor-button elementor-button-link elementor-size-sm\" href=\"http:\/\/booking.central-seefeld.com\/?skd-package-view=WINTERZAUB&#038;skd-language-code=DE&#038;skd-currency-code=EUR\">\n\t\t\t\t\t\t<span class=\"elementor-button-content-wrapper\">\n\t\t\t\t\t\t\t\t\t<span class=\"elementor-button-text\">Prenota ora<\/span>\n\t\t\t\t\t<\/span>\n\t\t\t\t\t<\/a>\n\t\t\t\t<\/div>\n\t\t\t\t\t\t\t\t<\/div>\n\t\t\t\t<\/div>\n\t\t\t\t\t<\/div>\n\t\t<\/div>\n\t\t\t\t\t<\/div>\n\t\t<\/section>\n\t\t\t\t<\/div>\n\t\t<a href=\"http:\/\/booking.central-seefeld.com\/?skd-package-view=WINTERZAUB&amp;skd-language-code=DE&amp;skd-currency-code=EUR\" class=\"jet-engine-listing-overlay-link\" target=\"_blank\"><\/a><\/div><\/div><div class=\"jet-listing-grid__item jet-listing-dynamic-post-3195 jet-equal-columns\" data-post-id=\"3195\"  ><div class=\"jet-engine-listing-overlay-wrap\" data-url=\"http:\/\/booking.central-seefeld.com\/?skd-package-view=ADVENT_IN&amp;skd-language-code=DE&amp;skd-currency-code=EUR\" data-target=\"_blank\">\t\t<div data-elementor-type=\"jet-listing-items\" data-elementor-id=\"3360\" class=\"elementor elementor-3360 elementor-3211 elementor-3211\" data-elementor-post-type=\"jet-engine\">\n\t\t\t\t\t\t<section class=\"elementor-section elementor-top-section elementor-element elementor-element-65323ee1 elementor-section-height-min-height elementor-section-items-top elementor-section-content-top elementor-section-boxed elementor-section-height-default\" data-id=\"65323ee1\" data-element_type=\"section\" data-e-type=\"section\">\n\t\t\t\t\t\t<div class=\"elementor-container elementor-column-gap-default\">\n\t\t\t\t\t<div class=\"elementor-column elementor-col-100 elementor-top-column elementor-element elementor-element-464ad2e7\" data-id=\"464ad2e7\" data-element_type=\"column\" data-e-type=\"column\">\n\t\t\t<div class=\"elementor-widget-wrap elementor-element-populated\">\n\t\t\t\t\t\t<div class=\"elementor-element elementor-element-35452bf elementor-widget elementor-widget-jet-listing-dynamic-image\" data-id=\"35452bf\" data-element_type=\"widget\" data-e-type=\"widget\" data-widget_type=\"jet-listing-dynamic-image.default\">\n\t\t\t\t<div class=\"elementor-widget-container\">\n\t\t\t\t\t<div class=\"jet-listing jet-listing-dynamic-image\" ><a href=\"http:\/\/booking.central-seefeld.com\/?skd-package-view=ADVENT_IN&amp;skd-language-code=DE&amp;skd-currency-code=EUR\" class=\"jet-listing-dynamic-image__link\"><img decoding=\"async\" width=\"2560\" height=\"1707\" src=\"https:\/\/central-seefeld.at\/wp-content\/uploads\/seefeld-advent.jpg\" class=\"jet-listing-dynamic-image__img attachment-full size-full\" alt=\"Weihnachtsmarkt Seefeld_Paar l\u00e4uft \u00fcber Markt neben Glockenturm\" srcset=\"https:\/\/central-seefeld.at\/wp-content\/uploads\/seefeld-advent.jpg 2560w, https:\/\/central-seefeld.at\/wp-content\/uploads\/seefeld-advent-300x200.jpg 300w, https:\/\/central-seefeld.at\/wp-content\/uploads\/seefeld-advent-1024x683.jpg 1024w, https:\/\/central-seefeld.at\/wp-content\/uploads\/seefeld-advent-768x512.jpg 768w, https:\/\/central-seefeld.at\/wp-content\/uploads\/seefeld-advent-1536x1024.jpg 1536w, https:\/\/central-seefeld.at\/wp-content\/uploads\/seefeld-advent-2048x1366.jpg 2048w\" sizes=\"(max-width: 2560px) 100vw, 2560px\" loading=\"eager\" \/><\/a><\/div>\t\t\t\t<\/div>\n\t\t\t\t<\/div>\n\t\t\t\t<div class=\"elementor-element elementor-element-323c2305 elementor-widget__width-inherit elementor-widget elementor-widget-jet-listing-dynamic-field\" data-id=\"323c2305\" data-element_type=\"widget\" data-e-type=\"widget\" data-widget_type=\"jet-listing-dynamic-field.default\">\n\t\t\t\t<div class=\"elementor-widget-container\">\n\t\t\t\t\t<div class=\"jet-listing jet-listing-dynamic-field display-inline\"><div class=\"jet-listing-dynamic-field__inline-wrap\"><div class=\"jet-listing-dynamic-field__content\" >ab \u20ac 515,- pro Person<\/div><\/div><\/div>\t\t\t\t<\/div>\n\t\t\t\t<\/div>\n\t\t\t\t<div class=\"elementor-element elementor-element-4a563199 elementor-widget elementor-widget-jet-listing-dynamic-field\" data-id=\"4a563199\" data-element_type=\"widget\" data-e-type=\"widget\" data-widget_type=\"jet-listing-dynamic-field.default\">\n\t\t\t\t<div class=\"elementor-widget-container\">\n\t\t\t\t\t<div class=\"jet-listing jet-listing-dynamic-field display-inline\"><div class=\"jet-listing-dynamic-field__inline-wrap\"><div class=\"jet-listing-dynamic-field__content\" >Advent in Seefeld 4+1<\/div><\/div><\/div>\t\t\t\t<\/div>\n\t\t\t\t<\/div>\n\t\t\t\t<div class=\"elementor-element elementor-element-7890bbc4 elementor-widget__width-inherit elementor-widget elementor-widget-jet-listing-dynamic-field\" data-id=\"7890bbc4\" data-element_type=\"widget\" data-e-type=\"widget\" data-widget_type=\"jet-listing-dynamic-field.default\">\n\t\t\t\t<div class=\"elementor-widget-container\">\n\t\t\t\t\t<div class=\"jet-listing jet-listing-dynamic-field display-inline\"><div class=\"jet-listing-dynamic-field__inline-wrap\"><i class=\"jet-listing-dynamic-field__icon far fa-calendar-alt\" aria-hidden=\"true\"><\/i><div class=\"jet-listing-dynamic-field__content\" >06.-20.12.2026<\/div><\/div><\/div>\t\t\t\t<\/div>\n\t\t\t\t<\/div>\n\t\t\t\t<div class=\"elementor-element elementor-element-30a7e38 elementor-align-justify elementor-widget__width-inherit elementor-widget-mobile__width-inherit button-rot elementor-mobile-align-justify elementor-widget elementor-widget-button\" data-id=\"30a7e38\" data-element_type=\"widget\" data-e-type=\"widget\" data-widget_type=\"button.default\">\n\t\t\t\t<div class=\"elementor-widget-container\">\n\t\t\t\t\t\t\t\t\t<div class=\"elementor-button-wrapper\">\n\t\t\t\t\t<a class=\"elementor-button elementor-button-link elementor-size-sm\" href=\"http:\/\/booking.central-seefeld.com\/?skd-package-view=ADVENT_IN&#038;skd-language-code=DE&#038;skd-currency-code=EUR\">\n\t\t\t\t\t\t<span class=\"elementor-button-content-wrapper\">\n\t\t\t\t\t\t\t\t\t<span class=\"elementor-button-text\">Prenota ora<\/span>\n\t\t\t\t\t<\/span>\n\t\t\t\t\t<\/a>\n\t\t\t\t<\/div>\n\t\t\t\t\t\t\t\t<\/div>\n\t\t\t\t<\/div>\n\t\t\t\t\t<\/div>\n\t\t<\/div>\n\t\t\t\t\t<\/div>\n\t\t<\/section>\n\t\t\t\t<\/div>\n\t\t<a href=\"http:\/\/booking.central-seefeld.com\/?skd-package-view=ADVENT_IN&amp;skd-language-code=DE&amp;skd-currency-code=EUR\" class=\"jet-engine-listing-overlay-link\" target=\"_blank\"><\/a><\/div><\/div><div class=\"jet-listing-grid__item jet-listing-dynamic-post-3348 jet-equal-columns\" data-post-id=\"3348\"  ><div class=\"jet-engine-listing-overlay-wrap\" data-url=\"http:\/\/booking.central-seefeld.com\/?skd-package-view=GOLD_HE&amp;skd-language-code=IT&amp;skd-currency-code=EUR\" data-target=\"_blank\">\t\t<div data-elementor-type=\"jet-listing-items\" data-elementor-id=\"3360\" class=\"elementor elementor-3360 elementor-3211 elementor-3211\" data-elementor-post-type=\"jet-engine\">\n\t\t\t\t\t\t<section class=\"elementor-section elementor-top-section elementor-element elementor-element-65323ee1 elementor-section-height-min-height elementor-section-items-top elementor-section-content-top elementor-section-boxed elementor-section-height-default\" data-id=\"65323ee1\" data-element_type=\"section\" data-e-type=\"section\">\n\t\t\t\t\t\t<div class=\"elementor-container elementor-column-gap-default\">\n\t\t\t\t\t<div class=\"elementor-column elementor-col-100 elementor-top-column elementor-element elementor-element-464ad2e7\" data-id=\"464ad2e7\" data-element_type=\"column\" data-e-type=\"column\">\n\t\t\t<div class=\"elementor-widget-wrap elementor-element-populated\">\n\t\t\t\t\t\t<div class=\"elementor-element elementor-element-35452bf elementor-widget elementor-widget-jet-listing-dynamic-image\" data-id=\"35452bf\" data-element_type=\"widget\" data-e-type=\"widget\" data-widget_type=\"jet-listing-dynamic-image.default\">\n\t\t\t\t<div class=\"elementor-widget-container\">\n\t\t\t\t\t<div class=\"jet-listing jet-listing-dynamic-image\" ><a href=\"http:\/\/booking.central-seefeld.com\/?skd-package-view=GOLD_HE&amp;skd-language-code=IT&amp;skd-currency-code=EUR\" class=\"jet-listing-dynamic-image__link\"><img decoding=\"async\" width=\"2560\" height=\"1707\" src=\"https:\/\/central-seefeld.at\/wp-content\/uploads\/seefeld-herbst.jpg\" class=\"jet-listing-dynamic-image__img attachment-full size-full\" alt=\"Herbst im L\u00e4rchenwald am Gschwandtkopf bei Reith\" srcset=\"https:\/\/central-seefeld.at\/wp-content\/uploads\/seefeld-herbst.jpg 2560w, https:\/\/central-seefeld.at\/wp-content\/uploads\/seefeld-herbst-300x200.jpg 300w, https:\/\/central-seefeld.at\/wp-content\/uploads\/seefeld-herbst-1024x683.jpg 1024w, https:\/\/central-seefeld.at\/wp-content\/uploads\/seefeld-herbst-768x512.jpg 768w, https:\/\/central-seefeld.at\/wp-content\/uploads\/seefeld-herbst-1536x1024.jpg 1536w, https:\/\/central-seefeld.at\/wp-content\/uploads\/seefeld-herbst-2048x1366.jpg 2048w\" sizes=\"(max-width: 2560px) 100vw, 2560px\" loading=\"eager\" \/><\/a><\/div>\t\t\t\t<\/div>\n\t\t\t\t<\/div>\n\t\t\t\t<div class=\"elementor-element elementor-element-323c2305 elementor-widget__width-inherit elementor-widget elementor-widget-jet-listing-dynamic-field\" data-id=\"323c2305\" data-element_type=\"widget\" data-e-type=\"widget\" data-widget_type=\"jet-listing-dynamic-field.default\">\n\t\t\t\t<div class=\"elementor-widget-container\">\n\t\t\t\t\t<div class=\"jet-listing jet-listing-dynamic-field display-inline\"><div class=\"jet-listing-dynamic-field__inline-wrap\"><div class=\"jet-listing-dynamic-field__content\" >\u20ac 490,- a persona<\/div><\/div><\/div>\t\t\t\t<\/div>\n\t\t\t\t<\/div>\n\t\t\t\t<div class=\"elementor-element elementor-element-4a563199 elementor-widget elementor-widget-jet-listing-dynamic-field\" data-id=\"4a563199\" data-element_type=\"widget\" data-e-type=\"widget\" data-widget_type=\"jet-listing-dynamic-field.default\">\n\t\t\t\t<div class=\"elementor-widget-container\">\n\t\t\t\t\t<div class=\"jet-listing jet-listing-dynamic-field display-inline\"><div class=\"jet-listing-dynamic-field__inline-wrap\"><div class=\"jet-listing-dynamic-field__content\" >\u201eAutunno dorato a Seefeld\u201c<\/div><\/div><\/div>\t\t\t\t<\/div>\n\t\t\t\t<\/div>\n\t\t\t\t<div class=\"elementor-element elementor-element-7890bbc4 elementor-widget__width-inherit elementor-widget elementor-widget-jet-listing-dynamic-field\" data-id=\"7890bbc4\" data-element_type=\"widget\" data-e-type=\"widget\" data-widget_type=\"jet-listing-dynamic-field.default\">\n\t\t\t\t<div class=\"elementor-widget-container\">\n\t\t\t\t\t<div class=\"jet-listing jet-listing-dynamic-field display-inline\"><div class=\"jet-listing-dynamic-field__inline-wrap\"><i class=\"jet-listing-dynamic-field__icon far fa-calendar-alt\" aria-hidden=\"true\"><\/i><div class=\"jet-listing-dynamic-field__content\" >20.09.-11.10.2026<\/div><\/div><\/div>\t\t\t\t<\/div>\n\t\t\t\t<\/div>\n\t\t\t\t<div class=\"elementor-element elementor-element-30a7e38 elementor-align-justify elementor-widget__width-inherit elementor-widget-mobile__width-inherit button-rot elementor-mobile-align-justify elementor-widget elementor-widget-button\" data-id=\"30a7e38\" data-element_type=\"widget\" data-e-type=\"widget\" data-widget_type=\"button.default\">\n\t\t\t\t<div class=\"elementor-widget-container\">\n\t\t\t\t\t\t\t\t\t<div class=\"elementor-button-wrapper\">\n\t\t\t\t\t<a class=\"elementor-button elementor-button-link elementor-size-sm\" href=\"http:\/\/booking.central-seefeld.com\/?skd-package-view=GOLD_HE&#038;skd-language-code=IT&#038;skd-currency-code=EUR\">\n\t\t\t\t\t\t<span class=\"elementor-button-content-wrapper\">\n\t\t\t\t\t\t\t\t\t<span class=\"elementor-button-text\">Prenota ora<\/span>\n\t\t\t\t\t<\/span>\n\t\t\t\t\t<\/a>\n\t\t\t\t<\/div>\n\t\t\t\t\t\t\t\t<\/div>\n\t\t\t\t<\/div>\n\t\t\t\t\t<\/div>\n\t\t<\/div>\n\t\t\t\t\t<\/div>\n\t\t<\/section>\n\t\t\t\t<\/div>\n\t\t<a href=\"http:\/\/booking.central-seefeld.com\/?skd-package-view=GOLD_HE&amp;skd-language-code=IT&amp;skd-currency-code=EUR\" class=\"jet-engine-listing-overlay-link\" target=\"_blank\"><\/a><\/div><\/div><div class=\"jet-listing-grid__item jet-listing-dynamic-post-3347 jet-equal-columns\" data-post-id=\"3347\"  ><div class=\"jet-engine-listing-overlay-wrap\" data-url=\"http:\/\/booking.central-seefeld.com\/?skd-package-view=SPORT__SPA&amp;skd-language-code=IT&amp;skd-currency-code=EUR\" data-target=\"_blank\">\t\t<div data-elementor-type=\"jet-listing-items\" data-elementor-id=\"3360\" class=\"elementor elementor-3360 elementor-3211 elementor-3211\" data-elementor-post-type=\"jet-engine\">\n\t\t\t\t\t\t<section class=\"elementor-section elementor-top-section elementor-element elementor-element-65323ee1 elementor-section-height-min-height elementor-section-items-top elementor-section-content-top elementor-section-boxed elementor-section-height-default\" data-id=\"65323ee1\" data-element_type=\"section\" data-e-type=\"section\">\n\t\t\t\t\t\t<div class=\"elementor-container elementor-column-gap-default\">\n\t\t\t\t\t<div class=\"elementor-column elementor-col-100 elementor-top-column elementor-element elementor-element-464ad2e7\" data-id=\"464ad2e7\" data-element_type=\"column\" data-e-type=\"column\">\n\t\t\t<div class=\"elementor-widget-wrap elementor-element-populated\">\n\t\t\t\t\t\t<div class=\"elementor-element elementor-element-35452bf elementor-widget elementor-widget-jet-listing-dynamic-image\" data-id=\"35452bf\" data-element_type=\"widget\" data-e-type=\"widget\" data-widget_type=\"jet-listing-dynamic-image.default\">\n\t\t\t\t<div class=\"elementor-widget-container\">\n\t\t\t\t\t<div class=\"jet-listing jet-listing-dynamic-image\" ><a href=\"http:\/\/booking.central-seefeld.com\/?skd-package-view=SPORT__SPA&amp;skd-language-code=IT&amp;skd-currency-code=EUR\" class=\"jet-listing-dynamic-image__link\"><img decoding=\"async\" width=\"2560\" height=\"1707\" src=\"https:\/\/central-seefeld.at\/wp-content\/uploads\/seefeld-biken.jpg\" class=\"jet-listing-dynamic-image__img attachment-full size-full\" alt=\"E-Biken auf der Rosshuette - Seefeld (3)\" srcset=\"https:\/\/central-seefeld.at\/wp-content\/uploads\/seefeld-biken.jpg 2560w, https:\/\/central-seefeld.at\/wp-content\/uploads\/seefeld-biken-300x200.jpg 300w, https:\/\/central-seefeld.at\/wp-content\/uploads\/seefeld-biken-1024x683.jpg 1024w, https:\/\/central-seefeld.at\/wp-content\/uploads\/seefeld-biken-768x512.jpg 768w, https:\/\/central-seefeld.at\/wp-content\/uploads\/seefeld-biken-1536x1024.jpg 1536w, https:\/\/central-seefeld.at\/wp-content\/uploads\/seefeld-biken-2048x1366.jpg 2048w\" sizes=\"(max-width: 2560px) 100vw, 2560px\" loading=\"eager\" \/><\/a><\/div>\t\t\t\t<\/div>\n\t\t\t\t<\/div>\n\t\t\t\t<div class=\"elementor-element elementor-element-323c2305 elementor-widget__width-inherit elementor-widget elementor-widget-jet-listing-dynamic-field\" data-id=\"323c2305\" data-element_type=\"widget\" data-e-type=\"widget\" data-widget_type=\"jet-listing-dynamic-field.default\">\n\t\t\t\t<div class=\"elementor-widget-container\">\n\t\t\t\t\t<div class=\"jet-listing jet-listing-dynamic-field display-inline\"><div class=\"jet-listing-dynamic-field__inline-wrap\"><div class=\"jet-listing-dynamic-field__content\" >a partire da \u20ac 614,- a persona<\/div><\/div><\/div>\t\t\t\t<\/div>\n\t\t\t\t<\/div>\n\t\t\t\t<div class=\"elementor-element elementor-element-4a563199 elementor-widget elementor-widget-jet-listing-dynamic-field\" data-id=\"4a563199\" data-element_type=\"widget\" data-e-type=\"widget\" data-widget_type=\"jet-listing-dynamic-field.default\">\n\t\t\t\t<div class=\"elementor-widget-container\">\n\t\t\t\t\t<div class=\"jet-listing jet-listing-dynamic-field display-inline\"><div class=\"jet-listing-dynamic-field__inline-wrap\"><div class=\"jet-listing-dynamic-field__content\" >\u201eSport e Entertainment\u201c<\/div><\/div><\/div>\t\t\t\t<\/div>\n\t\t\t\t<\/div>\n\t\t\t\t<div class=\"elementor-element elementor-element-7890bbc4 elementor-widget__width-inherit elementor-widget elementor-widget-jet-listing-dynamic-field\" data-id=\"7890bbc4\" data-element_type=\"widget\" data-e-type=\"widget\" data-widget_type=\"jet-listing-dynamic-field.default\">\n\t\t\t\t<div class=\"elementor-widget-container\">\n\t\t\t\t\t<div class=\"jet-listing jet-listing-dynamic-field display-inline\"><div class=\"jet-listing-dynamic-field__inline-wrap\"><i class=\"jet-listing-dynamic-field__icon far fa-calendar-alt\" aria-hidden=\"true\"><\/i><div class=\"jet-listing-dynamic-field__content\" >14.05.-12.07. &amp; 23.08.-11.10.2026<\/div><\/div><\/div>\t\t\t\t<\/div>\n\t\t\t\t<\/div>\n\t\t\t\t<div class=\"elementor-element elementor-element-30a7e38 elementor-align-justify elementor-widget__width-inherit elementor-widget-mobile__width-inherit button-rot elementor-mobile-align-justify elementor-widget elementor-widget-button\" data-id=\"30a7e38\" data-element_type=\"widget\" data-e-type=\"widget\" data-widget_type=\"button.default\">\n\t\t\t\t<div class=\"elementor-widget-container\">\n\t\t\t\t\t\t\t\t\t<div class=\"elementor-button-wrapper\">\n\t\t\t\t\t<a class=\"elementor-button elementor-button-link elementor-size-sm\" href=\"http:\/\/booking.central-seefeld.com\/?skd-package-view=SPORT__SPA&#038;skd-language-code=IT&#038;skd-currency-code=EUR\">\n\t\t\t\t\t\t<span class=\"elementor-button-content-wrapper\">\n\t\t\t\t\t\t\t\t\t<span class=\"elementor-button-text\">Prenota ora<\/span>\n\t\t\t\t\t<\/span>\n\t\t\t\t\t<\/a>\n\t\t\t\t<\/div>\n\t\t\t\t\t\t\t\t<\/div>\n\t\t\t\t<\/div>\n\t\t\t\t\t<\/div>\n\t\t<\/div>\n\t\t\t\t\t<\/div>\n\t\t<\/section>\n\t\t\t\t<\/div>\n\t\t<a href=\"http:\/\/booking.central-seefeld.com\/?skd-package-view=SPORT__SPA&amp;skd-language-code=IT&amp;skd-currency-code=EUR\" class=\"jet-engine-listing-overlay-link\" target=\"_blank\"><\/a><\/div><\/div><div class=\"jet-listing-grid__item jet-listing-dynamic-post-3346 jet-equal-columns\" data-post-id=\"3346\"  ><div class=\"jet-engine-listing-overlay-wrap\" data-url=\"http:\/\/booking.central-seefeld.com\/?skd-package-view=FAMILIEN_G&amp;skd-language-code=IT&amp;skd-currency-code=EUR\" data-target=\"_blank\">\t\t<div data-elementor-type=\"jet-listing-items\" data-elementor-id=\"3360\" class=\"elementor elementor-3360 elementor-3211 elementor-3211\" data-elementor-post-type=\"jet-engine\">\n\t\t\t\t\t\t<section class=\"elementor-section elementor-top-section elementor-element elementor-element-65323ee1 elementor-section-height-min-height elementor-section-items-top elementor-section-content-top elementor-section-boxed elementor-section-height-default\" data-id=\"65323ee1\" data-element_type=\"section\" data-e-type=\"section\">\n\t\t\t\t\t\t<div class=\"elementor-container elementor-column-gap-default\">\n\t\t\t\t\t<div class=\"elementor-column elementor-col-100 elementor-top-column elementor-element elementor-element-464ad2e7\" data-id=\"464ad2e7\" data-element_type=\"column\" data-e-type=\"column\">\n\t\t\t<div class=\"elementor-widget-wrap elementor-element-populated\">\n\t\t\t\t\t\t<div class=\"elementor-element elementor-element-35452bf elementor-widget elementor-widget-jet-listing-dynamic-image\" data-id=\"35452bf\" data-element_type=\"widget\" data-e-type=\"widget\" data-widget_type=\"jet-listing-dynamic-image.default\">\n\t\t\t\t<div class=\"elementor-widget-container\">\n\t\t\t\t\t<div class=\"jet-listing jet-listing-dynamic-image\" ><a href=\"http:\/\/booking.central-seefeld.com\/?skd-package-view=FAMILIEN_G&amp;skd-language-code=IT&amp;skd-currency-code=EUR\" class=\"jet-listing-dynamic-image__link\"><img decoding=\"async\" width=\"2560\" height=\"1707\" src=\"https:\/\/central-seefeld.at\/wp-content\/uploads\/seefeld-familienglueck.jpg\" class=\"jet-listing-dynamic-image__img attachment-full size-full\" alt=\"Familien-Weitwanderung im Gaistal - Familie vor Bergpanorama - Mutter und Vater zeigen auf etwas\" srcset=\"https:\/\/central-seefeld.at\/wp-content\/uploads\/seefeld-familienglueck.jpg 2560w, https:\/\/central-seefeld.at\/wp-content\/uploads\/seefeld-familienglueck-300x200.jpg 300w, https:\/\/central-seefeld.at\/wp-content\/uploads\/seefeld-familienglueck-1024x683.jpg 1024w, https:\/\/central-seefeld.at\/wp-content\/uploads\/seefeld-familienglueck-768x512.jpg 768w, https:\/\/central-seefeld.at\/wp-content\/uploads\/seefeld-familienglueck-1536x1024.jpg 1536w, https:\/\/central-seefeld.at\/wp-content\/uploads\/seefeld-familienglueck-2048x1366.jpg 2048w\" sizes=\"(max-width: 2560px) 100vw, 2560px\" loading=\"eager\" \/><\/a><\/div>\t\t\t\t<\/div>\n\t\t\t\t<\/div>\n\t\t\t\t<div class=\"elementor-element elementor-element-323c2305 elementor-widget__width-inherit elementor-widget elementor-widget-jet-listing-dynamic-field\" data-id=\"323c2305\" data-element_type=\"widget\" data-e-type=\"widget\" data-widget_type=\"jet-listing-dynamic-field.default\">\n\t\t\t\t<div class=\"elementor-widget-container\">\n\t\t\t\t\t<div class=\"jet-listing jet-listing-dynamic-field display-inline\"><div class=\"jet-listing-dynamic-field__inline-wrap\"><div class=\"jet-listing-dynamic-field__content\" >a partire da 1.300 euro per famiglia<\/div><\/div><\/div>\t\t\t\t<\/div>\n\t\t\t\t<\/div>\n\t\t\t\t<div class=\"elementor-element elementor-element-4a563199 elementor-widget elementor-widget-jet-listing-dynamic-field\" data-id=\"4a563199\" data-element_type=\"widget\" data-e-type=\"widget\" data-widget_type=\"jet-listing-dynamic-field.default\">\n\t\t\t\t<div class=\"elementor-widget-container\">\n\t\t\t\t\t<div class=\"jet-listing jet-listing-dynamic-field display-inline\"><div class=\"jet-listing-dynamic-field__inline-wrap\"><div class=\"jet-listing-dynamic-field__content\" >\u201eFelicit\u00e0 di famiglia\u201c<\/div><\/div><\/div>\t\t\t\t<\/div>\n\t\t\t\t<\/div>\n\t\t\t\t<div class=\"elementor-element elementor-element-7890bbc4 elementor-widget__width-inherit elementor-widget elementor-widget-jet-listing-dynamic-field\" data-id=\"7890bbc4\" data-element_type=\"widget\" data-e-type=\"widget\" data-widget_type=\"jet-listing-dynamic-field.default\">\n\t\t\t\t<div class=\"elementor-widget-container\">\n\t\t\t\t\t<div class=\"jet-listing jet-listing-dynamic-field display-inline\"><div class=\"jet-listing-dynamic-field__inline-wrap\"><i class=\"jet-listing-dynamic-field__icon far fa-calendar-alt\" aria-hidden=\"true\"><\/i><div class=\"jet-listing-dynamic-field__content\" >14.05.-12.07. &amp; 23.08.-11.10.2026<\/div><\/div><\/div>\t\t\t\t<\/div>\n\t\t\t\t<\/div>\n\t\t\t\t<div class=\"elementor-element elementor-element-30a7e38 elementor-align-justify elementor-widget__width-inherit elementor-widget-mobile__width-inherit button-rot elementor-mobile-align-justify elementor-widget elementor-widget-button\" data-id=\"30a7e38\" data-element_type=\"widget\" data-e-type=\"widget\" data-widget_type=\"button.default\">\n\t\t\t\t<div class=\"elementor-widget-container\">\n\t\t\t\t\t\t\t\t\t<div class=\"elementor-button-wrapper\">\n\t\t\t\t\t<a class=\"elementor-button elementor-button-link elementor-size-sm\" href=\"http:\/\/booking.central-seefeld.com\/?skd-package-view=FAMILIEN_G&#038;skd-language-code=IT&#038;skd-currency-code=EUR\">\n\t\t\t\t\t\t<span class=\"elementor-button-content-wrapper\">\n\t\t\t\t\t\t\t\t\t<span class=\"elementor-button-text\">Prenota ora<\/span>\n\t\t\t\t\t<\/span>\n\t\t\t\t\t<\/a>\n\t\t\t\t<\/div>\n\t\t\t\t\t\t\t\t<\/div>\n\t\t\t\t<\/div>\n\t\t\t\t\t<\/div>\n\t\t<\/div>\n\t\t\t\t\t<\/div>\n\t\t<\/section>\n\t\t\t\t<\/div>\n\t\t<a href=\"http:\/\/booking.central-seefeld.com\/?skd-package-view=FAMILIEN_G&amp;skd-language-code=IT&amp;skd-currency-code=EUR\" class=\"jet-engine-listing-overlay-link\" target=\"_blank\"><\/a><\/div><\/div><div class=\"jet-listing-grid__item jet-listing-dynamic-post-3345 jet-equal-columns\" data-post-id=\"3345\"  ><div class=\"jet-engine-listing-overlay-wrap\" data-url=\"http:\/\/booking.central-seefeld.com\/?skd-package-view=BERG_SO&amp;skd-language-code=IT&amp;skd-currency-code=EUR\" data-target=\"_blank\">\t\t<div data-elementor-type=\"jet-listing-items\" data-elementor-id=\"3360\" class=\"elementor elementor-3360 elementor-3211 elementor-3211\" data-elementor-post-type=\"jet-engine\">\n\t\t\t\t\t\t<section class=\"elementor-section elementor-top-section elementor-element elementor-element-65323ee1 elementor-section-height-min-height elementor-section-items-top elementor-section-content-top elementor-section-boxed elementor-section-height-default\" data-id=\"65323ee1\" data-element_type=\"section\" data-e-type=\"section\">\n\t\t\t\t\t\t<div class=\"elementor-container elementor-column-gap-default\">\n\t\t\t\t\t<div class=\"elementor-column elementor-col-100 elementor-top-column elementor-element elementor-element-464ad2e7\" data-id=\"464ad2e7\" data-element_type=\"column\" data-e-type=\"column\">\n\t\t\t<div class=\"elementor-widget-wrap elementor-element-populated\">\n\t\t\t\t\t\t<div class=\"elementor-element elementor-element-35452bf elementor-widget elementor-widget-jet-listing-dynamic-image\" data-id=\"35452bf\" data-element_type=\"widget\" data-e-type=\"widget\" data-widget_type=\"jet-listing-dynamic-image.default\">\n\t\t\t\t<div class=\"elementor-widget-container\">\n\t\t\t\t\t<div class=\"jet-listing jet-listing-dynamic-image\" ><a href=\"http:\/\/booking.central-seefeld.com\/?skd-package-view=BERG_SO&amp;skd-language-code=IT&amp;skd-currency-code=EUR\" class=\"jet-listing-dynamic-image__link\"><img decoding=\"async\" width=\"2560\" height=\"1917\" src=\"https:\/\/central-seefeld.at\/wp-content\/uploads\/bergsommer.jpg\" class=\"jet-listing-dynamic-image__img attachment-full size-full\" alt=\"Drohnenaufnahme Seefelder Spitze_Blick auf Seefelder Spitze und Reither Spitze\" srcset=\"https:\/\/central-seefeld.at\/wp-content\/uploads\/bergsommer.jpg 2560w, https:\/\/central-seefeld.at\/wp-content\/uploads\/bergsommer-300x225.jpg 300w, https:\/\/central-seefeld.at\/wp-content\/uploads\/bergsommer-1024x767.jpg 1024w, https:\/\/central-seefeld.at\/wp-content\/uploads\/bergsommer-768x575.jpg 768w, https:\/\/central-seefeld.at\/wp-content\/uploads\/bergsommer-1536x1150.jpg 1536w, https:\/\/central-seefeld.at\/wp-content\/uploads\/bergsommer-2048x1534.jpg 2048w\" sizes=\"(max-width: 2560px) 100vw, 2560px\" loading=\"eager\" \/><\/a><\/div>\t\t\t\t<\/div>\n\t\t\t\t<\/div>\n\t\t\t\t<div class=\"elementor-element elementor-element-323c2305 elementor-widget__width-inherit elementor-widget elementor-widget-jet-listing-dynamic-field\" data-id=\"323c2305\" data-element_type=\"widget\" data-e-type=\"widget\" data-widget_type=\"jet-listing-dynamic-field.default\">\n\t\t\t\t<div class=\"elementor-widget-container\">\n\t\t\t\t\t<div class=\"jet-listing jet-listing-dynamic-field display-inline\"><div class=\"jet-listing-dynamic-field__inline-wrap\"><div class=\"jet-listing-dynamic-field__content\" >a partire da \u20ac679,- a persona<\/div><\/div><\/div>\t\t\t\t<\/div>\n\t\t\t\t<\/div>\n\t\t\t\t<div class=\"elementor-element elementor-element-4a563199 elementor-widget elementor-widget-jet-listing-dynamic-field\" data-id=\"4a563199\" data-element_type=\"widget\" data-e-type=\"widget\" data-widget_type=\"jet-listing-dynamic-field.default\">\n\t\t\t\t<div class=\"elementor-widget-container\">\n\t\t\t\t\t<div class=\"jet-listing jet-listing-dynamic-field display-inline\"><div class=\"jet-listing-dynamic-field__inline-wrap\"><div class=\"jet-listing-dynamic-field__content\" >\u201eEstate idillica in montagna\u201c<\/div><\/div><\/div>\t\t\t\t<\/div>\n\t\t\t\t<\/div>\n\t\t\t\t<div class=\"elementor-element elementor-element-7890bbc4 elementor-widget__width-inherit elementor-widget elementor-widget-jet-listing-dynamic-field\" data-id=\"7890bbc4\" data-element_type=\"widget\" data-e-type=\"widget\" data-widget_type=\"jet-listing-dynamic-field.default\">\n\t\t\t\t<div class=\"elementor-widget-container\">\n\t\t\t\t\t<div class=\"jet-listing jet-listing-dynamic-field display-inline\"><div class=\"jet-listing-dynamic-field__inline-wrap\"><i class=\"jet-listing-dynamic-field__icon far fa-calendar-alt\" aria-hidden=\"true\"><\/i><div class=\"jet-listing-dynamic-field__content\" >14.05.-12.07. &amp; 23.08.-11.10.2026<\/div><\/div><\/div>\t\t\t\t<\/div>\n\t\t\t\t<\/div>\n\t\t\t\t<div class=\"elementor-element elementor-element-30a7e38 elementor-align-justify elementor-widget__width-inherit elementor-widget-mobile__width-inherit button-rot elementor-mobile-align-justify elementor-widget elementor-widget-button\" data-id=\"30a7e38\" data-element_type=\"widget\" data-e-type=\"widget\" data-widget_type=\"button.default\">\n\t\t\t\t<div class=\"elementor-widget-container\">\n\t\t\t\t\t\t\t\t\t<div class=\"elementor-button-wrapper\">\n\t\t\t\t\t<a class=\"elementor-button elementor-button-link elementor-size-sm\" href=\"http:\/\/booking.central-seefeld.com\/?skd-package-view=BERG_SO&#038;skd-language-code=IT&#038;skd-currency-code=EUR\">\n\t\t\t\t\t\t<span class=\"elementor-button-content-wrapper\">\n\t\t\t\t\t\t\t\t\t<span class=\"elementor-button-text\">Prenota ora<\/span>\n\t\t\t\t\t<\/span>\n\t\t\t\t\t<\/a>\n\t\t\t\t<\/div>\n\t\t\t\t\t\t\t\t<\/div>\n\t\t\t\t<\/div>\n\t\t\t\t\t<\/div>\n\t\t<\/div>\n\t\t\t\t\t<\/div>\n\t\t<\/section>\n\t\t\t\t<\/div>\n\t\t<a href=\"http:\/\/booking.central-seefeld.com\/?skd-package-view=BERG_SO&amp;skd-language-code=IT&amp;skd-currency-code=EUR\" class=\"jet-engine-listing-overlay-link\" target=\"_blank\"><\/a><\/div><\/div><div class=\"jet-listing-grid__item jet-listing-dynamic-post-3344 jet-equal-columns\" data-post-id=\"3344\"  ><div class=\"jet-engine-listing-overlay-wrap\" data-url=\"http:\/\/booking.central-seefeld.com\/?skd-package-view=WAND_OG&amp;skd-language-code=IT&amp;skd-currency-code=EUR\" data-target=\"_blank\">\t\t<div data-elementor-type=\"jet-listing-items\" data-elementor-id=\"3360\" class=\"elementor elementor-3360 elementor-3211 elementor-3211\" data-elementor-post-type=\"jet-engine\">\n\t\t\t\t\t\t<section class=\"elementor-section elementor-top-section elementor-element elementor-element-65323ee1 elementor-section-height-min-height elementor-section-items-top elementor-section-content-top elementor-section-boxed elementor-section-height-default\" data-id=\"65323ee1\" data-element_type=\"section\" data-e-type=\"section\">\n\t\t\t\t\t\t<div class=\"elementor-container elementor-column-gap-default\">\n\t\t\t\t\t<div class=\"elementor-column elementor-col-100 elementor-top-column elementor-element elementor-element-464ad2e7\" data-id=\"464ad2e7\" data-element_type=\"column\" data-e-type=\"column\">\n\t\t\t<div class=\"elementor-widget-wrap elementor-element-populated\">\n\t\t\t\t\t\t<div class=\"elementor-element elementor-element-35452bf elementor-widget elementor-widget-jet-listing-dynamic-image\" data-id=\"35452bf\" data-element_type=\"widget\" data-e-type=\"widget\" data-widget_type=\"jet-listing-dynamic-image.default\">\n\t\t\t\t<div class=\"elementor-widget-container\">\n\t\t\t\t\t<div class=\"jet-listing jet-listing-dynamic-image\" ><a href=\"http:\/\/booking.central-seefeld.com\/?skd-package-view=WAND_OG&amp;skd-language-code=IT&amp;skd-currency-code=EUR\" class=\"jet-listing-dynamic-image__link\"><img decoding=\"async\" width=\"2560\" height=\"1707\" src=\"https:\/\/central-seefeld.at\/wp-content\/uploads\/seefeld-wandern.jpg\" class=\"jet-listing-dynamic-image__img attachment-full size-full\" alt=\"seefeld-wandern\" srcset=\"https:\/\/central-seefeld.at\/wp-content\/uploads\/seefeld-wandern.jpg 2560w, https:\/\/central-seefeld.at\/wp-content\/uploads\/seefeld-wandern-300x200.jpg 300w, https:\/\/central-seefeld.at\/wp-content\/uploads\/seefeld-wandern-1024x683.jpg 1024w, https:\/\/central-seefeld.at\/wp-content\/uploads\/seefeld-wandern-768x512.jpg 768w, https:\/\/central-seefeld.at\/wp-content\/uploads\/seefeld-wandern-1536x1024.jpg 1536w, https:\/\/central-seefeld.at\/wp-content\/uploads\/seefeld-wandern-2048x1366.jpg 2048w\" sizes=\"(max-width: 2560px) 100vw, 2560px\" loading=\"eager\" \/><\/a><\/div>\t\t\t\t<\/div>\n\t\t\t\t<\/div>\n\t\t\t\t<div class=\"elementor-element elementor-element-323c2305 elementor-widget__width-inherit elementor-widget elementor-widget-jet-listing-dynamic-field\" data-id=\"323c2305\" data-element_type=\"widget\" data-e-type=\"widget\" data-widget_type=\"jet-listing-dynamic-field.default\">\n\t\t\t\t<div class=\"elementor-widget-container\">\n\t\t\t\t\t<div class=\"jet-listing jet-listing-dynamic-field display-inline\"><div class=\"jet-listing-dynamic-field__inline-wrap\"><div class=\"jet-listing-dynamic-field__content\" >a partire da \u20ac 614,- a persona<\/div><\/div><\/div>\t\t\t\t<\/div>\n\t\t\t\t<\/div>\n\t\t\t\t<div class=\"elementor-element elementor-element-4a563199 elementor-widget elementor-widget-jet-listing-dynamic-field\" data-id=\"4a563199\" data-element_type=\"widget\" data-e-type=\"widget\" data-widget_type=\"jet-listing-dynamic-field.default\">\n\t\t\t\t<div class=\"elementor-widget-container\">\n\t\t\t\t\t<div class=\"jet-listing jet-listing-dynamic-field display-inline\"><div class=\"jet-listing-dynamic-field__inline-wrap\"><div class=\"jet-listing-dynamic-field__content\" >\u201eCamminare senza limiti\u201c<\/div><\/div><\/div>\t\t\t\t<\/div>\n\t\t\t\t<\/div>\n\t\t\t\t<div class=\"elementor-element elementor-element-7890bbc4 elementor-widget__width-inherit elementor-widget elementor-widget-jet-listing-dynamic-field\" data-id=\"7890bbc4\" data-element_type=\"widget\" data-e-type=\"widget\" data-widget_type=\"jet-listing-dynamic-field.default\">\n\t\t\t\t<div class=\"elementor-widget-container\">\n\t\t\t\t\t<div class=\"jet-listing jet-listing-dynamic-field display-inline\"><div class=\"jet-listing-dynamic-field__inline-wrap\"><i class=\"jet-listing-dynamic-field__icon far fa-calendar-alt\" aria-hidden=\"true\"><\/i><div class=\"jet-listing-dynamic-field__content\" >14.05.-12.07. &amp; 23.08.-11.10.2026<\/div><\/div><\/div>\t\t\t\t<\/div>\n\t\t\t\t<\/div>\n\t\t\t\t<div class=\"elementor-element elementor-element-30a7e38 elementor-align-justify elementor-widget__width-inherit elementor-widget-mobile__width-inherit button-rot elementor-mobile-align-justify elementor-widget elementor-widget-button\" data-id=\"30a7e38\" data-element_type=\"widget\" data-e-type=\"widget\" data-widget_type=\"button.default\">\n\t\t\t\t<div class=\"elementor-widget-container\">\n\t\t\t\t\t\t\t\t\t<div class=\"elementor-button-wrapper\">\n\t\t\t\t\t<a class=\"elementor-button elementor-button-link elementor-size-sm\" href=\"http:\/\/booking.central-seefeld.com\/?skd-package-view=WAND_OG&#038;skd-language-code=IT&#038;skd-currency-code=EUR\">\n\t\t\t\t\t\t<span class=\"elementor-button-content-wrapper\">\n\t\t\t\t\t\t\t\t\t<span class=\"elementor-button-text\">Prenota ora<\/span>\n\t\t\t\t\t<\/span>\n\t\t\t\t\t<\/a>\n\t\t\t\t<\/div>\n\t\t\t\t\t\t\t\t<\/div>\n\t\t\t\t<\/div>\n\t\t\t\t\t<\/div>\n\t\t<\/div>\n\t\t\t\t\t<\/div>\n\t\t<\/section>\n\t\t\t\t<\/div>\n\t\t<a href=\"http:\/\/booking.central-seefeld.com\/?skd-package-view=WAND_OG&amp;skd-language-code=IT&amp;skd-currency-code=EUR\" class=\"jet-engine-listing-overlay-link\" target=\"_blank\"><\/a><\/div><\/div><div class=\"jet-listing-grid__item jet-listing-dynamic-post-3343 jet-equal-columns\" data-post-id=\"3343\"  ><div class=\"jet-engine-listing-overlay-wrap\" data-url=\"http:\/\/booking.central-seefeld.com\/?skd-package-view=BERGFRUEH&amp;skd-language-code=IT&amp;skd-currency-code=EUR\" data-target=\"_blank\">\t\t<div data-elementor-type=\"jet-listing-items\" data-elementor-id=\"3360\" class=\"elementor elementor-3360 elementor-3211 elementor-3211\" data-elementor-post-type=\"jet-engine\">\n\t\t\t\t\t\t<section class=\"elementor-section elementor-top-section elementor-element elementor-element-65323ee1 elementor-section-height-min-height elementor-section-items-top elementor-section-content-top elementor-section-boxed elementor-section-height-default\" data-id=\"65323ee1\" data-element_type=\"section\" data-e-type=\"section\">\n\t\t\t\t\t\t<div class=\"elementor-container elementor-column-gap-default\">\n\t\t\t\t\t<div class=\"elementor-column elementor-col-100 elementor-top-column elementor-element elementor-element-464ad2e7\" data-id=\"464ad2e7\" data-element_type=\"column\" data-e-type=\"column\">\n\t\t\t<div class=\"elementor-widget-wrap elementor-element-populated\">\n\t\t\t\t\t\t<div class=\"elementor-element elementor-element-35452bf elementor-widget elementor-widget-jet-listing-dynamic-image\" data-id=\"35452bf\" data-element_type=\"widget\" data-e-type=\"widget\" data-widget_type=\"jet-listing-dynamic-image.default\">\n\t\t\t\t<div class=\"elementor-widget-container\">\n\t\t\t\t\t<div class=\"jet-listing jet-listing-dynamic-image\" ><a href=\"http:\/\/booking.central-seefeld.com\/?skd-package-view=BERGFRUEH&amp;skd-language-code=IT&amp;skd-currency-code=EUR\" class=\"jet-listing-dynamic-image__link\"><img decoding=\"async\" width=\"2560\" height=\"1707\" src=\"https:\/\/central-seefeld.at\/wp-content\/uploads\/seefeld-fruehling.jpg\" class=\"jet-listing-dynamic-image__img attachment-full size-full\" alt=\"Seefeld im Fr\u00fchling_Pfarrh\u00fcgel Blick auf Dorfszentrum_Zoomaufnahme\" srcset=\"https:\/\/central-seefeld.at\/wp-content\/uploads\/seefeld-fruehling.jpg 2560w, https:\/\/central-seefeld.at\/wp-content\/uploads\/seefeld-fruehling-300x200.jpg 300w, https:\/\/central-seefeld.at\/wp-content\/uploads\/seefeld-fruehling-1024x683.jpg 1024w, https:\/\/central-seefeld.at\/wp-content\/uploads\/seefeld-fruehling-768x512.jpg 768w, https:\/\/central-seefeld.at\/wp-content\/uploads\/seefeld-fruehling-1536x1024.jpg 1536w, https:\/\/central-seefeld.at\/wp-content\/uploads\/seefeld-fruehling-2048x1366.jpg 2048w\" sizes=\"(max-width: 2560px) 100vw, 2560px\" loading=\"eager\" \/><\/a><\/div>\t\t\t\t<\/div>\n\t\t\t\t<\/div>\n\t\t\t\t<div class=\"elementor-element elementor-element-323c2305 elementor-widget__width-inherit elementor-widget elementor-widget-jet-listing-dynamic-field\" data-id=\"323c2305\" data-element_type=\"widget\" data-e-type=\"widget\" data-widget_type=\"jet-listing-dynamic-field.default\">\n\t\t\t\t<div class=\"elementor-widget-container\">\n\t\t\t\t\t<div class=\"jet-listing jet-listing-dynamic-field display-inline\"><div class=\"jet-listing-dynamic-field__inline-wrap\"><div class=\"jet-listing-dynamic-field__content\" >a partire da \u20ac 590,- a persona<\/div><\/div><\/div>\t\t\t\t<\/div>\n\t\t\t\t<\/div>\n\t\t\t\t<div class=\"elementor-element elementor-element-4a563199 elementor-widget elementor-widget-jet-listing-dynamic-field\" data-id=\"4a563199\" data-element_type=\"widget\" data-e-type=\"widget\" data-widget_type=\"jet-listing-dynamic-field.default\">\n\t\t\t\t<div class=\"elementor-widget-container\">\n\t\t\t\t\t<div class=\"jet-listing jet-listing-dynamic-field display-inline\"><div class=\"jet-listing-dynamic-field__inline-wrap\"><div class=\"jet-listing-dynamic-field__content\" >\u201ePrimavera in montagna\u201c<\/div><\/div><\/div>\t\t\t\t<\/div>\n\t\t\t\t<\/div>\n\t\t\t\t<div class=\"elementor-element elementor-element-7890bbc4 elementor-widget__width-inherit elementor-widget elementor-widget-jet-listing-dynamic-field\" data-id=\"7890bbc4\" data-element_type=\"widget\" data-e-type=\"widget\" data-widget_type=\"jet-listing-dynamic-field.default\">\n\t\t\t\t<div class=\"elementor-widget-container\">\n\t\t\t\t\t<div class=\"jet-listing jet-listing-dynamic-field display-inline\"><div class=\"jet-listing-dynamic-field__inline-wrap\"><i class=\"jet-listing-dynamic-field__icon far fa-calendar-alt\" aria-hidden=\"true\"><\/i><div class=\"jet-listing-dynamic-field__content\" >14.05.-14.06.2026<\/div><\/div><\/div>\t\t\t\t<\/div>\n\t\t\t\t<\/div>\n\t\t\t\t<div class=\"elementor-element elementor-element-30a7e38 elementor-align-justify elementor-widget__width-inherit elementor-widget-mobile__width-inherit button-rot elementor-mobile-align-justify elementor-widget elementor-widget-button\" data-id=\"30a7e38\" data-element_type=\"widget\" data-e-type=\"widget\" data-widget_type=\"button.default\">\n\t\t\t\t<div class=\"elementor-widget-container\">\n\t\t\t\t\t\t\t\t\t<div class=\"elementor-button-wrapper\">\n\t\t\t\t\t<a class=\"elementor-button elementor-button-link elementor-size-sm\" href=\"http:\/\/booking.central-seefeld.com\/?skd-package-view=BERGFRUEH&#038;skd-language-code=IT&#038;skd-currency-code=EUR\">\n\t\t\t\t\t\t<span class=\"elementor-button-content-wrapper\">\n\t\t\t\t\t\t\t\t\t<span class=\"elementor-button-text\">Prenota ora<\/span>\n\t\t\t\t\t<\/span>\n\t\t\t\t\t<\/a>\n\t\t\t\t<\/div>\n\t\t\t\t\t\t\t\t<\/div>\n\t\t\t\t<\/div>\n\t\t\t\t\t<\/div>\n\t\t<\/div>\n\t\t\t\t\t<\/div>\n\t\t<\/section>\n\t\t\t\t<\/div>\n\t\t<a href=\"http:\/\/booking.central-seefeld.com\/?skd-package-view=BERGFRUEH&amp;skd-language-code=IT&amp;skd-currency-code=EUR\" class=\"jet-engine-listing-overlay-link\" target=\"_blank\"><\/a><\/div><\/div><\/div><\/div><\/div>\t\t\t\t<\/div>\n\t\t\t\t<\/div>\n\t\t\t\t\t<\/div>\n\t\t<\/div>\n\t\t\t\t\t<\/div>\n\t\t<\/section>\n\t\t\t\t<section class=\"elementor-section elementor-top-section elementor-element elementor-element-4842196 elementor-section-boxed elementor-section-height-default elementor-section-height-default elementor-invisible\" data-id=\"4842196\" data-element_type=\"section\" data-e-type=\"section\" data-settings=\"{&quot;animation&quot;:&quot;fadeInUp&quot;}\">\n\t\t\t\t\t\t<div class=\"elementor-container elementor-column-gap-default\">\n\t\t\t\t\t<div class=\"elementor-column elementor-col-100 elementor-top-column elementor-element elementor-element-460e67c\" data-id=\"460e67c\" data-element_type=\"column\" data-e-type=\"column\">\n\t\t\t<div class=\"elementor-widget-wrap elementor-element-populated\">\n\t\t\t\t\t\t<div class=\"elementor-element elementor-element-ca964d3 elementor-widget elementor-widget-heading\" data-id=\"ca964d3\" data-element_type=\"widget\" data-e-type=\"widget\" data-widget_type=\"heading.default\">\n\t\t\t\t<div class=\"elementor-widget-container\">\n\t\t\t\t\t<h2 class=\"elementor-heading-title elementor-size-default\">Camere e appartamenti<\/h2>\t\t\t\t<\/div>\n\t\t\t\t<\/div>\n\t\t\t\t<div class=\"elementor-element elementor-element-95cdf04 elementor-widget elementor-widget-text-editor\" data-id=\"95cdf04\" data-element_type=\"widget\" data-e-type=\"widget\" data-widget_type=\"text-editor.default\">\n\t\t\t\t<div class=\"elementor-widget-container\">\n\t\t\t\t\t\t\t\t\t<p>Da soli, in coppia o con tutta la famiglia. Le nostre camere e appartamenti a Seefeld offrono spazio sufficiente per ogni comfort e convincono con l&#8217;accoglienza tirolese.  Vivi la sensazione di svegliarti con vista sulle montagne.<\/p>\n\t\t\t\t\t\t\t\t<\/div>\n\t\t\t\t<\/div>\n\t\t\t\t\t<\/div>\n\t\t<\/div>\n\t\t\t\t\t<\/div>\n\t\t<\/section>\n\t\t\t\t<section class=\"elementor-section elementor-top-section elementor-element elementor-element-3d36c1a elementor-section-height-min-height elementor-section-boxed elementor-section-height-default elementor-section-items-middle elementor-invisible\" data-id=\"3d36c1a\" data-element_type=\"section\" data-e-type=\"section\" data-settings=\"{&quot;animation&quot;:&quot;fadeInUp&quot;}\">\n\t\t\t\t\t\t<div class=\"elementor-container elementor-column-gap-default\">\n\t\t\t\t\t<div class=\"elementor-column elementor-col-100 elementor-top-column elementor-element elementor-element-ae750f0\" data-id=\"ae750f0\" data-element_type=\"column\" data-e-type=\"column\">\n\t\t\t<div class=\"elementor-widget-wrap elementor-element-populated\">\n\t\t\t\t\t\t<section class=\"elementor-section elementor-inner-section elementor-element elementor-element-7b65d37 elementor-section-height-min-height elementor-section-boxed elementor-section-height-default\" data-id=\"7b65d37\" data-element_type=\"section\" data-e-type=\"section\">\n\t\t\t\t\t\t<div class=\"elementor-container elementor-column-gap-default\">\n\t\t\t\t\t<div class=\"elementor-column elementor-col-33 elementor-inner-column elementor-element elementor-element-0762922 click-child pointer\" data-id=\"0762922\" data-element_type=\"column\" data-e-type=\"column\" data-settings=\"{&quot;background_background&quot;:&quot;classic&quot;}\">\n\t\t\t<div class=\"elementor-widget-wrap elementor-element-populated\">\n\t\t\t\t\t<div class=\"elementor-background-overlay\"><\/div>\n\t\t\t\t\t\t<div class=\"elementor-element elementor-element-2560541 elementor-widget elementor-widget-heading\" data-id=\"2560541\" data-element_type=\"widget\" data-e-type=\"widget\" data-widget_type=\"heading.default\">\n\t\t\t\t<div class=\"elementor-widget-container\">\n\t\t\t\t\t<h3 class=\"elementor-heading-title elementor-size-default\"><a href=\"https:\/\/central-seefeld.at\/it\/hotel-central-a-seefeld-in-tirol\/camere-e-appartamenti\/camera-doppia\/\">Camera doppia<\/a><\/h3>\t\t\t\t<\/div>\n\t\t\t\t<\/div>\n\t\t\t\t\t<\/div>\n\t\t<\/div>\n\t\t\t\t<div class=\"elementor-column elementor-col-33 elementor-inner-column elementor-element elementor-element-dfebbfc click-child pointer\" data-id=\"dfebbfc\" data-element_type=\"column\" data-e-type=\"column\" data-settings=\"{&quot;background_background&quot;:&quot;classic&quot;}\">\n\t\t\t<div class=\"elementor-widget-wrap elementor-element-populated\">\n\t\t\t\t\t<div class=\"elementor-background-overlay\"><\/div>\n\t\t\t\t\t\t<div class=\"elementor-element elementor-element-6ec2038 elementor-widget elementor-widget-heading\" data-id=\"6ec2038\" data-element_type=\"widget\" data-e-type=\"widget\" data-widget_type=\"heading.default\">\n\t\t\t\t<div class=\"elementor-widget-container\">\n\t\t\t\t\t<h3 class=\"elementor-heading-title elementor-size-default\"><a href=\"https:\/\/central-seefeld.at\/it\/hotel-central-a-seefeld-in-tirol\/camere-e-appartamenti\/appartamenti\/\">Appartamenti<\/a><\/h3>\t\t\t\t<\/div>\n\t\t\t\t<\/div>\n\t\t\t\t\t<\/div>\n\t\t<\/div>\n\t\t\t\t<div class=\"elementor-column elementor-col-33 elementor-inner-column elementor-element elementor-element-58a6106 click-child pointer\" data-id=\"58a6106\" data-element_type=\"column\" data-e-type=\"column\" data-settings=\"{&quot;background_background&quot;:&quot;classic&quot;}\">\n\t\t\t<div class=\"elementor-widget-wrap elementor-element-populated\">\n\t\t\t\t\t<div class=\"elementor-background-overlay\"><\/div>\n\t\t\t\t\t\t<div class=\"elementor-element elementor-element-b842d7c elementor-widget elementor-widget-heading\" data-id=\"b842d7c\" data-element_type=\"widget\" data-e-type=\"widget\" data-widget_type=\"heading.default\">\n\t\t\t\t<div class=\"elementor-widget-container\">\n\t\t\t\t\t<h3 class=\"elementor-heading-title elementor-size-default\"><a href=\"https:\/\/central-seefeld.at\/it\/hotel-central-a-seefeld-in-tirol\/camere-e-appartamenti\/palazzina-thyrsus\/\">APPARTAMENTO<br>\nTHYRSUS<\/a><\/h3>\t\t\t\t<\/div>\n\t\t\t\t<\/div>\n\t\t\t\t\t<\/div>\n\t\t<\/div>\n\t\t\t\t\t<\/div>\n\t\t<\/section>\n\t\t\t\t\t<\/div>\n\t\t<\/div>\n\t\t\t\t\t<\/div>\n\t\t<\/section>\n\t\t\t\t<section class=\"elementor-section elementor-top-section elementor-element elementor-element-7b2f59c elementor-section-content-middle elementor-section-boxed elementor-section-height-default elementor-section-height-default elementor-invisible\" data-id=\"7b2f59c\" data-element_type=\"section\" data-e-type=\"section\" data-settings=\"{&quot;animation&quot;:&quot;fadeInUp&quot;}\">\n\t\t\t\t\t\t<div class=\"elementor-container elementor-column-gap-default\">\n\t\t\t\t\t<div class=\"elementor-column elementor-col-100 elementor-top-column elementor-element elementor-element-f9c704a\" data-id=\"f9c704a\" data-element_type=\"column\" data-e-type=\"column\">\n\t\t\t<div class=\"elementor-widget-wrap elementor-element-populated\">\n\t\t\t\t\t\t<div class=\"elementor-element elementor-element-d263981 elementor-align-center elementor-mobile-align-center elementor-widget-mobile__width-inherit elementor-widget elementor-widget-button\" data-id=\"d263981\" data-element_type=\"widget\" data-e-type=\"widget\" data-widget_type=\"button.default\">\n\t\t\t\t<div class=\"elementor-widget-container\">\n\t\t\t\t\t\t\t\t\t<div class=\"elementor-button-wrapper\">\n\t\t\t\t\t<a class=\"elementor-button elementor-button-link elementor-size-sm\" href=\"https:\/\/central-seefeld.at\/it\/hotel-central-a-seefeld-in-tirol\/camere-e-appartamenti\/\">\n\t\t\t\t\t\t<span class=\"elementor-button-content-wrapper\">\n\t\t\t\t\t\t<span class=\"elementor-button-icon\">\n\t\t\t\t<i aria-hidden=\"true\" class=\"far fa-arrow-alt-circle-right\"><\/i>\t\t\t<\/span>\n\t\t\t\t\t\t\t\t\t<span class=\"elementor-button-text\">Panoramica della camera<\/span>\n\t\t\t\t\t<\/span>\n\t\t\t\t\t<\/a>\n\t\t\t\t<\/div>\n\t\t\t\t\t\t\t\t<\/div>\n\t\t\t\t<\/div>\n\t\t\t\t\t<\/div>\n\t\t<\/div>\n\t\t\t\t\t<\/div>\n\t\t<\/section>\n\t\t\t\t<section class=\"elementor-section elementor-top-section elementor-element elementor-element-b0f4986 elementor-section-boxed elementor-section-height-default elementor-section-height-default elementor-invisible\" data-id=\"b0f4986\" data-element_type=\"section\" data-e-type=\"section\" data-settings=\"{&quot;animation&quot;:&quot;fadeInUp&quot;}\">\n\t\t\t\t\t\t<div class=\"elementor-container elementor-column-gap-default\">\n\t\t\t\t\t<div class=\"elementor-column elementor-col-50 elementor-top-column elementor-element elementor-element-6c5e2b9\" data-id=\"6c5e2b9\" data-element_type=\"column\" data-e-type=\"column\" data-settings=\"{&quot;background_background&quot;:&quot;classic&quot;}\">\n\t\t\t<div class=\"elementor-widget-wrap elementor-element-populated\">\n\t\t\t\t\t\t<div class=\"elementor-element elementor-element-e587f44 elementor-widget elementor-widget-image\" data-id=\"e587f44\" data-element_type=\"widget\" data-e-type=\"widget\" data-widget_type=\"image.default\">\n\t\t\t\t<div class=\"elementor-widget-container\">\n\t\t\t\t\t\t\t\t\t\t\t\t\t\t\t<img loading=\"lazy\" decoding=\"async\" width=\"800\" height=\"643\" src=\"https:\/\/central-seefeld.at\/wp-content\/uploads\/hotel-central-seefeld-maerz-2022-\u00a9DavidJohansson-9809-web-e1650115029357-1024x823.jpeg\" class=\"attachment-large size-large wp-image-1137\" alt=\"\" srcset=\"https:\/\/central-seefeld.at\/wp-content\/uploads\/hotel-central-seefeld-maerz-2022-\u00a9DavidJohansson-9809-web-e1650115029357-1024x823.jpeg 1024w, https:\/\/central-seefeld.at\/wp-content\/uploads\/hotel-central-seefeld-maerz-2022-\u00a9DavidJohansson-9809-web-e1650115029357-300x241.jpeg 300w, https:\/\/central-seefeld.at\/wp-content\/uploads\/hotel-central-seefeld-maerz-2022-\u00a9DavidJohansson-9809-web-e1650115029357-768x617.jpeg 768w, https:\/\/central-seefeld.at\/wp-content\/uploads\/hotel-central-seefeld-maerz-2022-\u00a9DavidJohansson-9809-web-e1650115029357.jpeg 1222w\" sizes=\"(max-width: 800px) 100vw, 800px\" \/>\t\t\t\t\t\t\t\t\t\t\t\t\t\t\t<\/div>\n\t\t\t\t<\/div>\n\t\t\t\t\t<\/div>\n\t\t<\/div>\n\t\t\t\t<div class=\"elementor-column elementor-col-50 elementor-top-column elementor-element elementor-element-1f7cec2\" data-id=\"1f7cec2\" data-element_type=\"column\" data-e-type=\"column\">\n\t\t\t<div class=\"elementor-widget-wrap elementor-element-populated\">\n\t\t\t\t\t\t<div class=\"elementor-element elementor-element-23e6079 elementor-widget__width-auto elementor-widget elementor-widget-heading\" data-id=\"23e6079\" data-element_type=\"widget\" data-e-type=\"widget\" data-widget_type=\"heading.default\">\n\t\t\t\t<div class=\"elementor-widget-container\">\n\t\t\t\t\t<h2 class=\"elementor-heading-title elementor-size-default\">Delizie<\/h2>\t\t\t\t<\/div>\n\t\t\t\t<\/div>\n\t\t\t\t<div class=\"elementor-element elementor-element-165b637 elementor-widget__width-auto elementor-widget elementor-widget-heading\" data-id=\"165b637\" data-element_type=\"widget\" data-e-type=\"widget\" data-widget_type=\"heading.default\">\n\t\t\t\t<div class=\"elementor-widget-container\">\n\t\t\t\t\t<h2 class=\"elementor-heading-title elementor-size-default\">culinarie<\/h2>\t\t\t\t<\/div>\n\t\t\t\t<\/div>\n\t\t\t\t<div class=\"elementor-element elementor-element-922d4dc elementor-widget elementor-widget-text-editor\" data-id=\"922d4dc\" data-element_type=\"widget\" data-e-type=\"widget\" data-widget_type=\"text-editor.default\">\n\t\t\t\t<div class=\"elementor-widget-container\">\n\t\t\t\t\t\t\t\t\t<p>Al mattino vi aspetta una ricca colazione a buffet con angolo biologico e gustose specialit\u00e0 a base di uova. E dopo una giornata all&#8217;insegna del relax, dello sport e del divertimento, la sera vi vizieremo con prelibatezze culinarie da tutto il mondo o vera cucina casalinga. <\/p>\n<p>Quando si tratta di preparazione, diamo la preferenza ai nostri prodotti locali. Il divertimento spensierato \u00e8 una delle cose pi\u00f9 belle della vita e quindi non dovrebbe mancare n\u00e9 nelle vacanze estive n\u00e9 in quelle invernali.  Gustare senza problemi \u00e8 tra le pi\u00f9 belle cose della vita e perci\u00f2 in vacanza non pu\u00f2 mai mancare, n\u00e9 in estate n\u00e9 in inverno.<\/p>\n\t\t\t\t\t\t\t\t<\/div>\n\t\t\t\t<\/div>\n\t\t\t\t<div class=\"elementor-element elementor-element-7cf2572 elementor-mobile-align-center elementor-widget elementor-widget-button\" data-id=\"7cf2572\" data-element_type=\"widget\" data-e-type=\"widget\" data-widget_type=\"button.default\">\n\t\t\t\t<div class=\"elementor-widget-container\">\n\t\t\t\t\t\t\t\t\t<div class=\"elementor-button-wrapper\">\n\t\t\t\t\t<a class=\"elementor-button elementor-button-link elementor-size-sm\" href=\"https:\/\/central-seefeld.at\/it\/gastronomia\/\">\n\t\t\t\t\t\t<span class=\"elementor-button-content-wrapper\">\n\t\t\t\t\t\t<span class=\"elementor-button-icon\">\n\t\t\t\t<i aria-hidden=\"true\" class=\"far fa-arrow-alt-circle-right\"><\/i>\t\t\t<\/span>\n\t\t\t\t\t\t\t\t\t<span class=\"elementor-button-text\">Gastronomia<\/span>\n\t\t\t\t\t<\/span>\n\t\t\t\t\t<\/a>\n\t\t\t\t<\/div>\n\t\t\t\t\t\t\t\t<\/div>\n\t\t\t\t<\/div>\n\t\t\t\t\t<\/div>\n\t\t<\/div>\n\t\t\t\t\t<\/div>\n\t\t<\/section>\n\t\t\t\t<section class=\"elementor-section elementor-top-section elementor-element elementor-element-ec289f7 elementor-reverse-mobile elementor-section-boxed elementor-section-height-default elementor-section-height-default elementor-invisible\" data-id=\"ec289f7\" data-element_type=\"section\" data-e-type=\"section\" data-settings=\"{&quot;animation&quot;:&quot;fadeInUp&quot;}\">\n\t\t\t\t\t\t<div class=\"elementor-container elementor-column-gap-default\">\n\t\t\t\t\t<div class=\"elementor-column elementor-col-50 elementor-top-column elementor-element elementor-element-e94458d\" data-id=\"e94458d\" data-element_type=\"column\" data-e-type=\"column\">\n\t\t\t<div class=\"elementor-widget-wrap elementor-element-populated\">\n\t\t\t\t\t\t<div class=\"elementor-element elementor-element-2bf03b3 elementor-widget__width-auto elementor-widget elementor-widget-heading\" data-id=\"2bf03b3\" data-element_type=\"widget\" data-e-type=\"widget\" data-widget_type=\"heading.default\">\n\t\t\t\t<div class=\"elementor-widget-container\">\n\t\t\t\t\t<h2 class=\"elementor-heading-title elementor-size-default\">Puro<\/h2>\t\t\t\t<\/div>\n\t\t\t\t<\/div>\n\t\t\t\t<div class=\"elementor-element elementor-element-5820279 elementor-widget__width-auto elementor-widget elementor-widget-heading\" data-id=\"5820279\" data-element_type=\"widget\" data-e-type=\"widget\" data-widget_type=\"heading.default\">\n\t\t\t\t<div class=\"elementor-widget-container\">\n\t\t\t\t\t<h2 class=\"elementor-heading-title elementor-size-default\">relax<\/h2>\t\t\t\t<\/div>\n\t\t\t\t<\/div>\n\t\t\t\t<div class=\"elementor-element elementor-element-aa0d0f5 elementor-widget elementor-widget-text-editor\" data-id=\"aa0d0f5\" data-element_type=\"widget\" data-e-type=\"widget\" data-widget_type=\"text-editor.default\">\n\t\t\t\t<div class=\"elementor-widget-container\">\n\t\t\t\t\t\t\t\t\t<p><b>Le nostre strutture per il benessere e il fitness<\/b> vi offrono una piacevole rigenerazione e attivit\u00e0 sportive. Qui corpo, mente e anima trovano il loro naturale equilibrio. <\/p>\n<p>Dopo le escursioni o lo sci, rilassatevi nella sauna, nel bagno turco o nella cabina a infrarossi. Nella nostra vasca idromassaggio di acqua dolce puoi rilassarti e staccare la spina. <\/p>\n\t\t\t\t\t\t\t\t<\/div>\n\t\t\t\t<\/div>\n\t\t\t\t<div class=\"elementor-element elementor-element-deb404b elementor-mobile-align-center elementor-widget elementor-widget-button\" data-id=\"deb404b\" data-element_type=\"widget\" data-e-type=\"widget\" data-widget_type=\"button.default\">\n\t\t\t\t<div class=\"elementor-widget-container\">\n\t\t\t\t\t\t\t\t\t<div class=\"elementor-button-wrapper\">\n\t\t\t\t\t<a class=\"elementor-button elementor-button-link elementor-size-sm\" href=\"https:\/\/central-seefeld.at\/it\/wellness\/\">\n\t\t\t\t\t\t<span class=\"elementor-button-content-wrapper\">\n\t\t\t\t\t\t<span class=\"elementor-button-icon\">\n\t\t\t\t<i aria-hidden=\"true\" class=\"far fa-arrow-alt-circle-right\"><\/i>\t\t\t<\/span>\n\t\t\t\t\t\t\t\t\t<span class=\"elementor-button-text\">Wellness<\/span>\n\t\t\t\t\t<\/span>\n\t\t\t\t\t<\/a>\n\t\t\t\t<\/div>\n\t\t\t\t\t\t\t\t<\/div>\n\t\t\t\t<\/div>\n\t\t\t\t\t<\/div>\n\t\t<\/div>\n\t\t\t\t<div class=\"elementor-column elementor-col-50 elementor-top-column elementor-element elementor-element-fd4d8e2\" data-id=\"fd4d8e2\" data-element_type=\"column\" data-e-type=\"column\">\n\t\t\t<div class=\"elementor-widget-wrap elementor-element-populated\">\n\t\t\t\t\t\t<div class=\"elementor-element elementor-element-220982a elementor-widget elementor-widget-image\" data-id=\"220982a\" data-element_type=\"widget\" data-e-type=\"widget\" data-widget_type=\"image.default\">\n\t\t\t\t<div class=\"elementor-widget-container\">\n\t\t\t\t\t\t\t\t\t\t\t\t\t\t\t<img loading=\"lazy\" decoding=\"async\" width=\"800\" height=\"534\" src=\"https:\/\/central-seefeld.at\/wp-content\/uploads\/hotel-central-seefeld-wellness-1024x683.jpeg\" class=\"attachment-large size-large wp-image-1083\" alt=\"\" srcset=\"https:\/\/central-seefeld.at\/wp-content\/uploads\/hotel-central-seefeld-wellness-1024x683.jpeg 1024w, https:\/\/central-seefeld.at\/wp-content\/uploads\/hotel-central-seefeld-wellness-300x200.jpeg 300w, https:\/\/central-seefeld.at\/wp-content\/uploads\/hotel-central-seefeld-wellness-768x512.jpeg 768w, https:\/\/central-seefeld.at\/wp-content\/uploads\/hotel-central-seefeld-wellness-1536x1025.jpeg 1536w, https:\/\/central-seefeld.at\/wp-content\/uploads\/hotel-central-seefeld-wellness.jpeg 1920w\" sizes=\"(max-width: 800px) 100vw, 800px\" \/>\t\t\t\t\t\t\t\t\t\t\t\t\t\t\t<\/div>\n\t\t\t\t<\/div>\n\t\t\t\t<div class=\"elementor-element elementor-element-84a3695 elementor-hidden-mobile elementor-invisible elementor-widget elementor-widget-image\" data-id=\"84a3695\" data-element_type=\"widget\" data-e-type=\"widget\" data-settings=\"{&quot;motion_fx_motion_fx_scrolling&quot;:&quot;yes&quot;,&quot;_animation&quot;:&quot;fadeIn&quot;,&quot;motion_fx_devices&quot;:[&quot;desktop&quot;,&quot;tablet&quot;,&quot;mobile&quot;]}\" data-widget_type=\"image.default\">\n\t\t\t\t<div class=\"elementor-widget-container\">\n\t\t\t\t\t\t\t\t\t\t\t\t\t\t\t<img loading=\"lazy\" decoding=\"async\" width=\"800\" height=\"534\" src=\"https:\/\/central-seefeld.at\/wp-content\/uploads\/hotel-central-seefeld-maerz-2022-\u00a9DavidJohansson-9716-web-1024x683.jpeg\" class=\"attachment-large size-large wp-image-1129\" alt=\"\" srcset=\"https:\/\/central-seefeld.at\/wp-content\/uploads\/hotel-central-seefeld-maerz-2022-\u00a9DavidJohansson-9716-web-1024x683.jpeg 1024w, https:\/\/central-seefeld.at\/wp-content\/uploads\/hotel-central-seefeld-maerz-2022-\u00a9DavidJohansson-9716-web-300x200.jpeg 300w, https:\/\/central-seefeld.at\/wp-content\/uploads\/hotel-central-seefeld-maerz-2022-\u00a9DavidJohansson-9716-web-768x512.jpeg 768w, https:\/\/central-seefeld.at\/wp-content\/uploads\/hotel-central-seefeld-maerz-2022-\u00a9DavidJohansson-9716-web.jpeg 1500w\" sizes=\"(max-width: 800px) 100vw, 800px\" \/>\t\t\t\t\t\t\t\t\t\t\t\t\t\t\t<\/div>\n\t\t\t\t<\/div>\n\t\t\t\t\t<\/div>\n\t\t<\/div>\n\t\t\t\t\t<\/div>\n\t\t<\/section>\n\t\t\t\t<section class=\"elementor-section elementor-top-section elementor-element elementor-element-e119b3b elementor-section-boxed elementor-section-height-default elementor-section-height-default elementor-invisible\" data-id=\"e119b3b\" data-element_type=\"section\" data-e-type=\"section\" data-settings=\"{&quot;animation&quot;:&quot;fadeInUp&quot;}\">\n\t\t\t\t\t\t<div class=\"elementor-container elementor-column-gap-default\">\n\t\t\t\t\t<div class=\"elementor-column elementor-col-50 elementor-top-column elementor-element elementor-element-6225a5a\" data-id=\"6225a5a\" data-element_type=\"column\" data-e-type=\"column\">\n\t\t\t<div class=\"elementor-widget-wrap elementor-element-populated\">\n\t\t\t\t\t\t<div class=\"elementor-element elementor-element-8bf43a1 elementor-widget elementor-widget-image\" data-id=\"8bf43a1\" data-element_type=\"widget\" data-e-type=\"widget\" data-widget_type=\"image.default\">\n\t\t\t\t<div class=\"elementor-widget-container\">\n\t\t\t\t\t\t\t\t\t\t\t\t\t\t\t<img loading=\"lazy\" decoding=\"async\" width=\"800\" height=\"665\" src=\"https:\/\/central-seefeld.at\/wp-content\/uploads\/hundefoto.jpg\" class=\"attachment-large size-large wp-image-1710\" alt=\"\" srcset=\"https:\/\/central-seefeld.at\/wp-content\/uploads\/hundefoto.jpg 1000w, https:\/\/central-seefeld.at\/wp-content\/uploads\/hundefoto-300x249.jpg 300w, https:\/\/central-seefeld.at\/wp-content\/uploads\/hundefoto-768x638.jpg 768w\" sizes=\"(max-width: 800px) 100vw, 800px\" \/>\t\t\t\t\t\t\t\t\t\t\t\t\t\t\t<\/div>\n\t\t\t\t<\/div>\n\t\t\t\t\t<\/div>\n\t\t<\/div>\n\t\t\t\t<div class=\"elementor-column elementor-col-50 elementor-top-column elementor-element elementor-element-cccbf44\" data-id=\"cccbf44\" data-element_type=\"column\" data-e-type=\"column\">\n\t\t\t<div class=\"elementor-widget-wrap elementor-element-populated\">\n\t\t\t\t\t\t<div class=\"elementor-element elementor-element-48c4dc1 elementor-widget__width-auto elementor-widget elementor-widget-heading\" data-id=\"48c4dc1\" data-element_type=\"widget\" data-e-type=\"widget\" data-widget_type=\"heading.default\">\n\t\t\t\t<div class=\"elementor-widget-container\">\n\t\t\t\t\t<h2 class=\"elementor-heading-title elementor-size-default\">Vacanza<\/h2>\t\t\t\t<\/div>\n\t\t\t\t<\/div>\n\t\t\t\t<div class=\"elementor-element elementor-element-01444f0 elementor-widget__width-auto elementor-widget elementor-widget-heading\" data-id=\"01444f0\" data-element_type=\"widget\" data-e-type=\"widget\" data-widget_type=\"heading.default\">\n\t\t\t\t<div class=\"elementor-widget-container\">\n\t\t\t\t\t<h2 class=\"elementor-heading-title elementor-size-default\">con il cane<\/h2>\t\t\t\t<\/div>\n\t\t\t\t<\/div>\n\t\t\t\t<div class=\"elementor-element elementor-element-8db01e4 elementor-widget elementor-widget-text-editor\" data-id=\"8db01e4\" data-element_type=\"widget\" data-e-type=\"widget\" data-widget_type=\"text-editor.default\">\n\t\t\t\t<div class=\"elementor-widget-container\">\n\t\t\t\t\t\t\t\t\t<p>Ogni padroncino lo sa: la tanto attesa vacanza \u00e8 dietro l\u2019angolo e ovviamente non deve mancare il migliore amico dell\u2019uomo. Nessun problema, perch\u00e9 anche il tuo compagno a 4 zampe \u00e8 un gradito ospite nel nostro hotel dog friendly.<\/p>\n\t\t\t\t\t\t\t\t<\/div>\n\t\t\t\t<\/div>\n\t\t\t\t<div class=\"elementor-element elementor-element-1b47027 elementor-mobile-align-center elementor-widget elementor-widget-button\" data-id=\"1b47027\" data-element_type=\"widget\" data-e-type=\"widget\" data-widget_type=\"button.default\">\n\t\t\t\t<div class=\"elementor-widget-container\">\n\t\t\t\t\t\t\t\t\t<div class=\"elementor-button-wrapper\">\n\t\t\t\t\t<a class=\"elementor-button elementor-button-link elementor-size-sm\" href=\"https:\/\/central-seefeld.at\/it\/hotel-central-a-seefeld-in-tirol\/camere-e-appartamenti\/\">\n\t\t\t\t\t\t<span class=\"elementor-button-content-wrapper\">\n\t\t\t\t\t\t<span class=\"elementor-button-icon\">\n\t\t\t\t<i aria-hidden=\"true\" class=\"far fa-arrow-alt-circle-right\"><\/i>\t\t\t<\/span>\n\t\t\t\t\t\t\t\t\t<span class=\"elementor-button-text\">Camera<\/span>\n\t\t\t\t\t<\/span>\n\t\t\t\t\t<\/a>\n\t\t\t\t<\/div>\n\t\t\t\t\t\t\t\t<\/div>\n\t\t\t\t<\/div>\n\t\t\t\t\t<\/div>\n\t\t<\/div>\n\t\t\t\t\t<\/div>\n\t\t<\/section>\n\t\t\t\t<section class=\"elementor-section elementor-top-section elementor-element elementor-element-40e626d elementor-section-content-middle elementor-section-boxed elementor-section-height-default elementor-section-height-default\" data-id=\"40e626d\" data-element_type=\"section\" data-e-type=\"section\" data-settings=\"{&quot;background_background&quot;:&quot;classic&quot;}\">\n\t\t\t\t\t\t<div class=\"elementor-container elementor-column-gap-no\">\n\t\t\t\t\t<div class=\"elementor-column elementor-col-100 elementor-top-column elementor-element elementor-element-0b54fcb\" data-id=\"0b54fcb\" data-element_type=\"column\" data-e-type=\"column\">\n\t\t\t<div class=\"elementor-widget-wrap elementor-element-populated\">\n\t\t\t\t\t\t<section class=\"elementor-section elementor-inner-section elementor-element elementor-element-4f94800 elementor-section-boxed elementor-section-height-default elementor-section-height-default\" data-id=\"4f94800\" data-element_type=\"section\" data-e-type=\"section\">\n\t\t\t\t\t\t<div class=\"elementor-container elementor-column-gap-default\">\n\t\t\t\t\t<div class=\"elementor-column elementor-col-50 elementor-inner-column elementor-element elementor-element-9e9c9db\" data-id=\"9e9c9db\" data-element_type=\"column\" data-e-type=\"column\">\n\t\t\t<div class=\"elementor-widget-wrap elementor-element-populated\">\n\t\t\t\t\t\t<div class=\"elementor-element elementor-element-08f75db elementor-widget elementor-widget-image\" data-id=\"08f75db\" data-element_type=\"widget\" data-e-type=\"widget\" data-widget_type=\"image.default\">\n\t\t\t\t<div class=\"elementor-widget-container\">\n\t\t\t\t\t\t\t\t\t\t\t\t\t\t\t<img loading=\"lazy\" decoding=\"async\" width=\"800\" height=\"800\" src=\"https:\/\/central-seefeld.at\/wp-content\/uploads\/plateaucard_seefeld.png\" class=\"attachment-large size-large wp-image-2394\" alt=\"\" srcset=\"https:\/\/central-seefeld.at\/wp-content\/uploads\/plateaucard_seefeld.png 1000w, https:\/\/central-seefeld.at\/wp-content\/uploads\/plateaucard_seefeld-300x300.png 300w, https:\/\/central-seefeld.at\/wp-content\/uploads\/plateaucard_seefeld-150x150.png 150w, https:\/\/central-seefeld.at\/wp-content\/uploads\/plateaucard_seefeld-768x768.png 768w\" sizes=\"(max-width: 800px) 100vw, 800px\" \/>\t\t\t\t\t\t\t\t\t\t\t\t\t\t\t<\/div>\n\t\t\t\t<\/div>\n\t\t\t\t\t<\/div>\n\t\t<\/div>\n\t\t\t\t<div class=\"elementor-column elementor-col-50 elementor-inner-column elementor-element elementor-element-2bfac77\" data-id=\"2bfac77\" data-element_type=\"column\" data-e-type=\"column\">\n\t\t\t<div class=\"elementor-widget-wrap elementor-element-populated\">\n\t\t\t\t\t\t<div class=\"elementor-element elementor-element-19b2e67 elementor-widget elementor-widget-heading\" data-id=\"19b2e67\" data-element_type=\"widget\" data-e-type=\"widget\" data-widget_type=\"heading.default\">\n\t\t\t\t<div class=\"elementor-widget-container\">\n\t\t\t\t\t<h2 class=\"elementor-heading-title elementor-size-default\">L'Region Seefeld Card<\/h2>\t\t\t\t<\/div>\n\t\t\t\t<\/div>\n\t\t\t\t<div class=\"elementor-element elementor-element-677e3cf elementor-widget elementor-widget-text-editor\" data-id=\"677e3cf\" data-element_type=\"widget\" data-e-type=\"widget\" data-widget_type=\"text-editor.default\">\n\t\t\t\t<div class=\"elementor-widget-container\">\n\t\t\t\t\t\t\t\t\t<p>La variegata regione di Seefeld offre ai visitatori con la carta ospiti regionale PlateauCard numerosi vantaggi esclusivi e sconti per molte attrazioni e offerte tutto l&#8217;anno. Ad esempio: prezzi speciali per il noleggio di attrezzature premium, escursioni guidate nella foresta accompagnate da soffici alpaca o una degustazione di birra con corso di birra nella cantina del monastero di 500 anni. La guest card \u00e8 valida anche come biglietto per tutti gli autobus regionali e viene attivata gratuitamente dall&#8217;host al momento del check-in. E se utilizzi la tua carta ospiti digitalmente tramite <a style=\"color: #bf1822;\" href=\"http:\/\/www.seefeld.com\/visitseefeld\/visitseefeld-guide\" target=\"_blank\" rel=\"noopener\">la guida visitSeefeld<\/a>, puoi godere di tutti i vantaggi con un solo clic.<\/p>\n\t\t\t\t\t\t\t\t<\/div>\n\t\t\t\t<\/div>\n\t\t\t\t\t<\/div>\n\t\t<\/div>\n\t\t\t\t\t<\/div>\n\t\t<\/section>\n\t\t\t\t\t<\/div>\n\t\t<\/div>\n\t\t\t\t\t<\/div>\n\t\t<\/section>\n\t\t\t\t<section class=\"elementor-section elementor-top-section elementor-element elementor-element-ff7c863 elementor-section-boxed elementor-section-height-default elementor-section-height-default elementor-invisible\" data-id=\"ff7c863\" data-element_type=\"section\" data-e-type=\"section\" data-settings=\"{&quot;animation&quot;:&quot;fadeInUp&quot;}\">\n\t\t\t\t\t\t<div class=\"elementor-container elementor-column-gap-default\">\n\t\t\t\t\t<div class=\"elementor-column elementor-col-100 elementor-top-column elementor-element elementor-element-3637492\" data-id=\"3637492\" data-element_type=\"column\" data-e-type=\"column\">\n\t\t\t<div class=\"elementor-widget-wrap elementor-element-populated\">\n\t\t\t\t\t\t<div class=\"elementor-element elementor-element-5d25692 elementor-widget elementor-widget-heading\" data-id=\"5d25692\" data-element_type=\"widget\" data-e-type=\"widget\" data-widget_type=\"heading.default\">\n\t\t\t\t<div class=\"elementor-widget-container\">\n\t\t\t\t\t<h2 class=\"elementor-heading-title elementor-size-default\">Posizione e arrivo<\/h2>\t\t\t\t<\/div>\n\t\t\t\t<\/div>\n\t\t\t\t<div class=\"elementor-element elementor-element-da182d6 elementor-widget elementor-widget-text-editor\" data-id=\"da182d6\" data-element_type=\"widget\" data-e-type=\"widget\" data-widget_type=\"text-editor.default\">\n\t\t\t\t<div class=\"elementor-widget-container\">\n\t\t\t\t\t\t\t\t\t<p>Il nostro hotel si trova nel cuore del Tirolo, nel cuore della regione di Seefeld.<\/p>\n\t\t\t\t\t\t\t\t<\/div>\n\t\t\t\t<\/div>\n\t\t\t\t<section class=\"elementor-section elementor-inner-section elementor-element elementor-element-cc47809 elementor-section-boxed elementor-section-height-default elementor-section-height-default\" data-id=\"cc47809\" data-element_type=\"section\" data-e-type=\"section\">\n\t\t\t\t\t\t<div class=\"elementor-container elementor-column-gap-default\">\n\t\t\t\t\t<div class=\"elementor-column elementor-col-50 elementor-inner-column elementor-element elementor-element-ae69937\" data-id=\"ae69937\" data-element_type=\"column\" data-e-type=\"column\">\n\t\t\t<div class=\"elementor-widget-wrap elementor-element-populated\">\n\t\t\t\t\t\t<div class=\"elementor-element elementor-element-0c5714d elementor-widget elementor-widget-google_maps\" data-id=\"0c5714d\" data-element_type=\"widget\" data-e-type=\"widget\" data-widget_type=\"google_maps.default\">\n\t\t\t\t<div class=\"elementor-widget-container\">\n\t\t\t\t\t\t\t<div class=\"elementor-custom-embed\">\n\t\t\t<iframe loading=\"lazy\"\n\t\t\t\t\tsrc=\"https:\/\/maps.google.com\/maps?q=Hotel%20Central%20Seefeld%2C%20M%C3%BCnchner%20Str.%2041%2C%206100%20Seefeld%20in%20Tirol&#038;t=m&#038;z=15&#038;output=embed&#038;iwloc=near\"\n\t\t\t\t\ttitle=\"Hotel Central Seefeld, M\u00fcnchner Str. 41, 6100 Seefeld in Tirol\"\n\t\t\t\t\taria-label=\"Hotel Central Seefeld, M\u00fcnchner Str. 41, 6100 Seefeld in Tirol\"\n\t\t\t><\/iframe>\n\t\t<\/div>\n\t\t\t\t\t\t<\/div>\n\t\t\t\t<\/div>\n\t\t\t\t\t<\/div>\n\t\t<\/div>\n\t\t\t\t<div class=\"elementor-column elementor-col-50 elementor-inner-column elementor-element elementor-element-64c51b8\" data-id=\"64c51b8\" data-element_type=\"column\" data-e-type=\"column\">\n\t\t\t<div class=\"elementor-widget-wrap elementor-element-populated\">\n\t\t\t\t\t\t<div class=\"elementor-element elementor-element-e804630 elementor-widget elementor-widget-text-editor\" data-id=\"e804630\" data-element_type=\"widget\" data-e-type=\"widget\" data-widget_type=\"text-editor.default\">\n\t\t\t\t<div class=\"elementor-widget-container\">\n\t\t\t\t\t\t\t\t\t<div id=\"c718\" class=\"csc-default\">\n<p><strong>Con il treno:<\/strong><br \/>Possiamo organizzare per voi il trasferimento da e per le vicine stazioni ferroviarie. Ulteriori informazioni riguardo orari e biglietti potete trovarle sul sito delle ferrovie austriache <a class=\"external-link-new-window\" title=\"Apre il collegamento esterno in una nuova finestra\" href=\"http:\/\/www.oebb.at\/\" target=\"_blank\" rel=\"noopener\">\u00d6BB<\/a>.<\/p>\n<p><strong>Con l\u2019autobus:<\/strong><br \/>Saremo lieti di organizzare il vostro trasferimento da e per le vicine fermate degli autobus. Puoi trovare maggiori informazioni su orari e biglietti su <a class=\"external-link-new-window\" title=\"Flixbus\" href=\"https:\/\/shop.flixbus.de\/search?arrivalCity=991&amp;_locale=de\" target=\"_blank\" rel=\"noopener\">FLIXBUS<\/a> o <a class=\"external-link-new-window\" title=\"postbus\" href=\"http:\/\/fahrplan.oebb.at\/bin\/query.exe\/dn?start=1&amp;_charset_=UTF-8&amp;L=vs_postbus&amp;Z=seefeld%20in%20Tirol%20Bahnhof\" target=\"_blank\" rel=\"noopener\">POSTBUS<\/a>.<br \/><strong><br \/>Con l\u2019aereo:<\/strong><br \/>Saremo lieti di organizzare per voi il trasferimento da e per vari aeroporti. Qui troverete i dettagli sui voli e dagli aeroporti di <a class=\"external-link-new-window\" title=\"Apre il collegamento esterno in una nuova finestra\" href=\"http:\/\/www.innsbruck-airport.com\/\" target=\"_blank\" rel=\"noopener\">Innsbruck<\/a> (ca. 20 km) e <a class=\"external-link-new-window\" title=\"Apre il collegamento esterno in una nuova finestra\" href=\"http:\/\/www.munich-airport.de\/\" target=\"_blank\" rel=\"noopener\">Monaco<\/a> (ca. 180 km)<\/p>\n<\/div>\n\t\t\t\t\t\t\t\t<\/div>\n\t\t\t\t<\/div>\n\t\t\t\t<div class=\"elementor-element elementor-element-81d3121 elementor-mobile-align-center elementor-widget elementor-widget-button\" data-id=\"81d3121\" data-element_type=\"widget\" data-e-type=\"widget\" data-widget_type=\"button.default\">\n\t\t\t\t<div class=\"elementor-widget-container\">\n\t\t\t\t\t\t\t\t\t<div class=\"elementor-button-wrapper\">\n\t\t\t\t\t<a class=\"elementor-button elementor-button-link elementor-size-sm\" href=\"https:\/\/central-seefeld.at\/it\/arrivo-a-seefeld-in-tirolo\/\">\n\t\t\t\t\t\t<span class=\"elementor-button-content-wrapper\">\n\t\t\t\t\t\t<span class=\"elementor-button-icon\">\n\t\t\t\t<i aria-hidden=\"true\" class=\"far fa-arrow-alt-circle-right\"><\/i>\t\t\t<\/span>\n\t\t\t\t\t\t\t\t\t<span class=\"elementor-button-text\">Maggiori informazioni<\/span>\n\t\t\t\t\t<\/span>\n\t\t\t\t\t<\/a>\n\t\t\t\t<\/div>\n\t\t\t\t\t\t\t\t<\/div>\n\t\t\t\t<\/div>\n\t\t\t\t\t<\/div>\n\t\t<\/div>\n\t\t\t\t\t<\/div>\n\t\t<\/section>\n\t\t\t\t\t<\/div>\n\t\t<\/div>\n\t\t\t\t\t<\/div>\n\t\t<\/section>\n\t\t\t\t<\/div>\n\t\t","protected":false},"excerpt":{"rendered":"<p>Camere e appartamenti Gastronomia Wellness Hotel 4 stelle a Seefeld in Tirol, Austria Benvenuti nell\u2019Hotel Central a Seefeld in Tirol! Sostenibile, a conduzione familiare, accogliente: questo \u00e8 l\u2019Hotel Central**** proprio nel cuore di Seefeld. Non vediamo l&#8217;ora di darvi il benvenuto nella regione unica di Seefeld in Tirol. L&#8217;altopiano di Seefeld \u00e8 una delle regioni [&hellip;]<\/p>\n","protected":false},"author":1,"featured_media":2047,"parent":0,"menu_order":0,"comment_status":"closed","ping_status":"closed","template":"elementor_header_footer","meta":{"footnotes":""},"class_list":["post-2753","page","type-page","status-publish","has-post-thumbnail","hentry"],"yoast_head":"<!-- This site is optimized with the Yoast SEO plugin v26.9 - https:\/\/yoast.com\/product\/yoast-seo-wordpress\/ -->\n<title>Hotel Central a Seefeld - Hotel Central Seefeld in Tirol - 4 Sterne Hotel<\/title>\n<meta name=\"robots\" content=\"index, follow, max-snippet:-1, max-image-preview:large, max-video-preview:-1\" \/>\n<link rel=\"canonical\" href=\"https:\/\/central-seefeld.at\/it\/hotel-central-a-seefeld-in-tirol\/\" \/>\n<meta property=\"og:locale\" content=\"it_IT\" \/>\n<meta property=\"og:type\" content=\"article\" \/>\n<meta property=\"og:title\" content=\"Hotel Central a Seefeld - Hotel Central Seefeld in Tirol - 4 Sterne Hotel\" \/>\n<meta property=\"og:description\" content=\"Camere e appartamenti Gastronomia Wellness Hotel 4 stelle a Seefeld in Tirol, Austria Benvenuti nell\u2019Hotel Central a Seefeld in Tirol! Sostenibile, a conduzione familiare, accogliente: questo \u00e8 l\u2019Hotel Central**** proprio nel cuore di Seefeld. Non vediamo l&#8217;ora di darvi il benvenuto nella regione unica di Seefeld in Tirol. L&#8217;altopiano di Seefeld \u00e8 una delle regioni [&hellip;]\" \/>\n<meta property=\"og:url\" content=\"https:\/\/central-seefeld.at\/it\/hotel-central-a-seefeld-in-tirol\/\" \/>\n<meta property=\"og:site_name\" content=\"Hotel Central Seefeld in Tirol - 4 Sterne Hotel\" \/>\n<meta property=\"article:publisher\" content=\"https:\/\/www.facebook.com\/central.seefeld\/\" \/>\n<meta property=\"article:modified_time\" content=\"2023-06-01T10:19:00+00:00\" \/>\n<meta property=\"og:image\" content=\"https:\/\/central-seefeld.at\/wp-content\/uploads\/hotel-central-abendaufnahmen-maerz-2022-\u00a9DavidJohansson-5694-web.jpeg\" \/>\n\t<meta property=\"og:image:width\" content=\"1500\" \/>\n\t<meta property=\"og:image:height\" content=\"1000\" \/>\n\t<meta property=\"og:image:type\" content=\"image\/jpeg\" \/>\n<meta name=\"twitter:card\" content=\"summary_large_image\" \/>\n<meta name=\"twitter:label1\" content=\"Tempo di lettura stimato\" \/>\n\t<meta name=\"twitter:data1\" content=\"4 minuti\" \/>\n<script type=\"application\/ld+json\" class=\"yoast-schema-graph\">{\"@context\":\"https:\/\/schema.org\",\"@graph\":[{\"@type\":\"WebPage\",\"@id\":\"https:\/\/central-seefeld.at\/it\/hotel-central-a-seefeld-in-tirol\/\",\"url\":\"https:\/\/central-seefeld.at\/it\/hotel-central-a-seefeld-in-tirol\/\",\"name\":\"Hotel Central a Seefeld - Hotel Central Seefeld in Tirol - 4 Sterne Hotel\",\"isPartOf\":{\"@id\":\"https:\/\/central-seefeld.at\/#website\"},\"primaryImageOfPage\":{\"@id\":\"https:\/\/central-seefeld.at\/it\/hotel-central-a-seefeld-in-tirol\/#primaryimage\"},\"image\":{\"@id\":\"https:\/\/central-seefeld.at\/it\/hotel-central-a-seefeld-in-tirol\/#primaryimage\"},\"thumbnailUrl\":\"https:\/\/central-seefeld.at\/wp-content\/uploads\/hotel-central-abendaufnahmen-maerz-2022-\u00a9DavidJohansson-5694-web.jpeg\",\"datePublished\":\"2022-02-12T17:22:30+00:00\",\"dateModified\":\"2023-06-01T10:19:00+00:00\",\"breadcrumb\":{\"@id\":\"https:\/\/central-seefeld.at\/it\/hotel-central-a-seefeld-in-tirol\/#breadcrumb\"},\"inLanguage\":\"it-IT\",\"potentialAction\":[{\"@type\":\"ReadAction\",\"target\":[\"https:\/\/central-seefeld.at\/it\/hotel-central-a-seefeld-in-tirol\/\"]}]},{\"@type\":\"ImageObject\",\"inLanguage\":\"it-IT\",\"@id\":\"https:\/\/central-seefeld.at\/it\/hotel-central-a-seefeld-in-tirol\/#primaryimage\",\"url\":\"https:\/\/central-seefeld.at\/wp-content\/uploads\/hotel-central-abendaufnahmen-maerz-2022-\u00a9DavidJohansson-5694-web.jpeg\",\"contentUrl\":\"https:\/\/central-seefeld.at\/wp-content\/uploads\/hotel-central-abendaufnahmen-maerz-2022-\u00a9DavidJohansson-5694-web.jpeg\",\"width\":1500,\"height\":1000},{\"@type\":\"BreadcrumbList\",\"@id\":\"https:\/\/central-seefeld.at\/it\/hotel-central-a-seefeld-in-tirol\/#breadcrumb\",\"itemListElement\":[{\"@type\":\"ListItem\",\"position\":1,\"name\":\"Startseite\",\"item\":\"https:\/\/central-seefeld.at\/it\/hotel-central-a-seefeld-in-tirol\/\"},{\"@type\":\"ListItem\",\"position\":2,\"name\":\"Hotel Central a Seefeld\"}]},{\"@type\":\"WebSite\",\"@id\":\"https:\/\/central-seefeld.at\/#website\",\"url\":\"https:\/\/central-seefeld.at\/\",\"name\":\"Hotel Central Seefeld in Tirol - 4 Sterne Hotel\",\"description\":\"\",\"publisher\":{\"@id\":\"https:\/\/central-seefeld.at\/#organization\"},\"potentialAction\":[{\"@type\":\"SearchAction\",\"target\":{\"@type\":\"EntryPoint\",\"urlTemplate\":\"https:\/\/central-seefeld.at\/?s={search_term_string}\"},\"query-input\":{\"@type\":\"PropertyValueSpecification\",\"valueRequired\":true,\"valueName\":\"search_term_string\"}}],\"inLanguage\":\"it-IT\"},{\"@type\":\"Organization\",\"@id\":\"https:\/\/central-seefeld.at\/#organization\",\"name\":\"Hotel Central Seefeld in Tirol\",\"url\":\"https:\/\/central-seefeld.at\/\",\"logo\":{\"@type\":\"ImageObject\",\"inLanguage\":\"it-IT\",\"@id\":\"https:\/\/central-seefeld.at\/#\/schema\/logo\/image\/\",\"url\":\"https:\/\/central-seefeld.com\/wp-content\/uploads\/hotel-central-seefeld-logo.svg\",\"contentUrl\":\"https:\/\/central-seefeld.com\/wp-content\/uploads\/hotel-central-seefeld-logo.svg\",\"width\":132,\"height\":64,\"caption\":\"Hotel Central Seefeld in Tirol\"},\"image\":{\"@id\":\"https:\/\/central-seefeld.at\/#\/schema\/logo\/image\/\"},\"sameAs\":[\"https:\/\/www.facebook.com\/central.seefeld\/\",\"https:\/\/www.instagram.com\/hotelcentralseefeld\/\"]}]}<\/script>\n<!-- \/ Yoast SEO plugin. -->","yoast_head_json":{"title":"Hotel Central a Seefeld - Hotel Central Seefeld in Tirol - 4 Sterne Hotel","robots":{"index":"index","follow":"follow","max-snippet":"max-snippet:-1","max-image-preview":"max-image-preview:large","max-video-preview":"max-video-preview:-1"},"canonical":"https:\/\/central-seefeld.at\/it\/hotel-central-a-seefeld-in-tirol\/","og_locale":"it_IT","og_type":"article","og_title":"Hotel Central a Seefeld - Hotel Central Seefeld in Tirol - 4 Sterne Hotel","og_description":"Camere e appartamenti Gastronomia Wellness Hotel 4 stelle a Seefeld in Tirol, Austria Benvenuti nell\u2019Hotel Central a Seefeld in Tirol! Sostenibile, a conduzione familiare, accogliente: questo \u00e8 l\u2019Hotel Central**** proprio nel cuore di Seefeld. Non vediamo l&#8217;ora di darvi il benvenuto nella regione unica di Seefeld in Tirol. L&#8217;altopiano di Seefeld \u00e8 una delle regioni [&hellip;]","og_url":"https:\/\/central-seefeld.at\/it\/hotel-central-a-seefeld-in-tirol\/","og_site_name":"Hotel Central Seefeld in Tirol - 4 Sterne Hotel","article_publisher":"https:\/\/www.facebook.com\/central.seefeld\/","article_modified_time":"2023-06-01T10:19:00+00:00","og_image":[{"width":1500,"height":1000,"url":"https:\/\/central-seefeld.at\/wp-content\/uploads\/hotel-central-abendaufnahmen-maerz-2022-\u00a9DavidJohansson-5694-web.jpeg","type":"image\/jpeg"}],"twitter_card":"summary_large_image","twitter_misc":{"Tempo di lettura stimato":"4 minuti"},"schema":{"@context":"https:\/\/schema.org","@graph":[{"@type":"WebPage","@id":"https:\/\/central-seefeld.at\/it\/hotel-central-a-seefeld-in-tirol\/","url":"https:\/\/central-seefeld.at\/it\/hotel-central-a-seefeld-in-tirol\/","name":"Hotel Central a Seefeld - Hotel Central Seefeld in Tirol - 4 Sterne Hotel","isPartOf":{"@id":"https:\/\/central-seefeld.at\/#website"},"primaryImageOfPage":{"@id":"https:\/\/central-seefeld.at\/it\/hotel-central-a-seefeld-in-tirol\/#primaryimage"},"image":{"@id":"https:\/\/central-seefeld.at\/it\/hotel-central-a-seefeld-in-tirol\/#primaryimage"},"thumbnailUrl":"https:\/\/central-seefeld.at\/wp-content\/uploads\/hotel-central-abendaufnahmen-maerz-2022-\u00a9DavidJohansson-5694-web.jpeg","datePublished":"2022-02-12T17:22:30+00:00","dateModified":"2023-06-01T10:19:00+00:00","breadcrumb":{"@id":"https:\/\/central-seefeld.at\/it\/hotel-central-a-seefeld-in-tirol\/#breadcrumb"},"inLanguage":"it-IT","potentialAction":[{"@type":"ReadAction","target":["https:\/\/central-seefeld.at\/it\/hotel-central-a-seefeld-in-tirol\/"]}]},{"@type":"ImageObject","inLanguage":"it-IT","@id":"https:\/\/central-seefeld.at\/it\/hotel-central-a-seefeld-in-tirol\/#primaryimage","url":"https:\/\/central-seefeld.at\/wp-content\/uploads\/hotel-central-abendaufnahmen-maerz-2022-\u00a9DavidJohansson-5694-web.jpeg","contentUrl":"https:\/\/central-seefeld.at\/wp-content\/uploads\/hotel-central-abendaufnahmen-maerz-2022-\u00a9DavidJohansson-5694-web.jpeg","width":1500,"height":1000},{"@type":"BreadcrumbList","@id":"https:\/\/central-seefeld.at\/it\/hotel-central-a-seefeld-in-tirol\/#breadcrumb","itemListElement":[{"@type":"ListItem","position":1,"name":"Startseite","item":"https:\/\/central-seefeld.at\/it\/hotel-central-a-seefeld-in-tirol\/"},{"@type":"ListItem","position":2,"name":"Hotel Central a Seefeld"}]},{"@type":"WebSite","@id":"https:\/\/central-seefeld.at\/#website","url":"https:\/\/central-seefeld.at\/","name":"Hotel Central Seefeld in Tirol - 4 Sterne Hotel","description":"","publisher":{"@id":"https:\/\/central-seefeld.at\/#organization"},"potentialAction":[{"@type":"SearchAction","target":{"@type":"EntryPoint","urlTemplate":"https:\/\/central-seefeld.at\/?s={search_term_string}"},"query-input":{"@type":"PropertyValueSpecification","valueRequired":true,"valueName":"search_term_string"}}],"inLanguage":"it-IT"},{"@type":"Organization","@id":"https:\/\/central-seefeld.at\/#organization","name":"Hotel Central Seefeld in Tirol","url":"https:\/\/central-seefeld.at\/","logo":{"@type":"ImageObject","inLanguage":"it-IT","@id":"https:\/\/central-seefeld.at\/#\/schema\/logo\/image\/","url":"https:\/\/central-seefeld.com\/wp-content\/uploads\/hotel-central-seefeld-logo.svg","contentUrl":"https:\/\/central-seefeld.com\/wp-content\/uploads\/hotel-central-seefeld-logo.svg","width":132,"height":64,"caption":"Hotel Central Seefeld in Tirol"},"image":{"@id":"https:\/\/central-seefeld.at\/#\/schema\/logo\/image\/"},"sameAs":["https:\/\/www.facebook.com\/central.seefeld\/","https:\/\/www.instagram.com\/hotelcentralseefeld\/"]}]}},"_links":{"self":[{"href":"https:\/\/central-seefeld.at\/it\/wp-json\/wp\/v2\/pages\/2753","targetHints":{"allow":["GET"]}}],"collection":[{"href":"https:\/\/central-seefeld.at\/it\/wp-json\/wp\/v2\/pages"}],"about":[{"href":"https:\/\/central-seefeld.at\/it\/wp-json\/wp\/v2\/types\/page"}],"author":[{"embeddable":true,"href":"https:\/\/central-seefeld.at\/it\/wp-json\/wp\/v2\/users\/1"}],"replies":[{"embeddable":true,"href":"https:\/\/central-seefeld.at\/it\/wp-json\/wp\/v2\/comments?post=2753"}],"version-history":[{"count":10,"href":"https:\/\/central-seefeld.at\/it\/wp-json\/wp\/v2\/pages\/2753\/revisions"}],"predecessor-version":[{"id":3434,"href":"https:\/\/central-seefeld.at\/it\/wp-json\/wp\/v2\/pages\/2753\/revisions\/3434"}],"wp:featuredmedia":[{"embeddable":true,"href":"https:\/\/central-seefeld.at\/it\/wp-json\/wp\/v2\/media\/2047"}],"wp:attachment":[{"href":"https:\/\/central-seefeld.at\/it\/wp-json\/wp\/v2\/media?parent=2753"}],"curies":[{"name":"wp","href":"https:\/\/api.w.org\/{rel}","templated":true}]}}